{"id":8435,"date":"2023-03-28T14:04:07","date_gmt":"2023-03-28T14:04:07","guid":{"rendered":"https:\/\/wittenstein.ee\/?page_id=8435"},"modified":"2026-02-11T11:14:59","modified_gmt":"2026-02-11T11:14:59","slug":"publications","status":"publish","type":"page","link":"https:\/\/wittenstein.ee\/en\/jarvamaamuuseum\/publications\/","title":{"rendered":"Books and publications"},"content":{"rendered":"<p>[et_pb_section fb_built=&#8221;1&#8243; admin_label=&#8221;Breadcrumbs-section&#8221; _builder_version=&#8221;4.20.0&#8243; _module_preset=&#8221;default&#8221; background_color=&#8221;RGBA(255,255,255,0)&#8221; z_index=&#8221;2&#8243; custom_margin=&#8221;||-100px||false|false&#8221; custom_margin_tablet=&#8221;||-100px||false|false&#8221; custom_margin_phone=&#8221;||-100px||false|false&#8221; custom_margin_last_edited=&#8221;on|phone&#8221; custom_padding=&#8221;0px||0px||false|false&#8221; global_colors_info=&#8221;{}&#8221;][et_pb_row custom_padding_last_edited=&#8221;on|phone&#8221; _builder_version=&#8221;4.20.0&#8243; _module_preset=&#8221;default&#8221; custom_padding=&#8221;||||false|false&#8221; custom_padding_tablet=&#8221;30px||60px||false|false&#8221; custom_padding_phone=&#8221;15px||60px||false|false&#8221; global_colors_info=&#8221;{}&#8221;][et_pb_column type=&#8221;4_4&#8243; _builder_version=&#8221;4.20.0&#8243; _module_preset=&#8221;default&#8221; global_colors_info=&#8221;{}&#8221;][et_pb_dmb_breadcrumbs use_home_icon=&#8221;off&#8221; use_home_text=&#8221;on&#8221; home_text=&#8221;Home&#8221; show_category_crumbs=&#8221;off&#8221; show_custom_taxonomy_crumbs=&#8221;off&#8221; _builder_version=&#8221;4.20.0&#8243; _module_preset=&#8221;default&#8221; body_text_color=&#8221;#d4d4d4&#8243; body_font_size=&#8221;14px&#8221; link_text_color=&#8221;#d4d4d4&#8243; global_colors_info=&#8221;{}&#8221;][\/et_pb_dmb_breadcrumbs][\/et_pb_column][\/et_pb_row][\/et_pb_section][et_pb_section fb_built=&#8221;1&#8243; custom_padding_last_edited=&#8221;off|tablet&#8221; admin_label=&#8221;Header&#8221; _builder_version=&#8221;4.20.2&#8243; _module_preset=&#8221;default&#8221; background_color=&#8221;#007289&#8243; background_enable_image=&#8221;off&#8221; background_position=&#8221;center_right&#8221; custom_margin=&#8221;||||false|false&#8221; custom_margin_tablet=&#8221;-150px||||false|false&#8221; custom_margin_phone=&#8221;||||false|false&#8221; custom_margin_last_edited=&#8221;on|tablet&#8221; custom_padding=&#8221;80px||||false|false&#8221; custom_padding_tablet=&#8221;||||false|false&#8221; collapsed=&#8221;off&#8221; global_colors_info=&#8221;{}&#8221;][et_pb_row _builder_version=&#8221;4.19.5&#8243; _module_preset=&#8221;default&#8221; background_enable_image=&#8221;off&#8221; global_colors_info=&#8221;{}&#8221;][et_pb_column type=&#8221;4_4&#8243; _builder_version=&#8221;4.16&#8243; _module_preset=&#8221;default&#8221; global_colors_info=&#8221;{}&#8221;][et_pb_divider show_divider=&#8221;off&#8221; _builder_version=&#8221;4.20.0&#8243; _module_preset=&#8221;default&#8221; background_image=&#8221;https:\/\/wittenstein.ee\/wp-content\/uploads\/2023\/02\/high-school_48.png&#8221; background_size=&#8221;initial&#8221; background_position=&#8221;top_left&#8221; background_repeat=&#8221;repeat-x&#8221; custom_margin=&#8221;|380px|10px|-30vw|false|false&#8221; custom_margin_tablet=&#8221;|300px||-15vw|false|false&#8221; custom_margin_phone=&#8221;|150px||-10vw|false|false&#8221; custom_margin_last_edited=&#8221;on|phone&#8221; global_colors_info=&#8221;{}&#8221;][\/et_pb_divider][et_pb_text admin_label=&#8221;H1 pealkiri&#8221; _builder_version=&#8221;4.20.2&#8243; _module_preset=&#8221;e598b17a-9229-42f6-b238-019d6094332e&#8221; header_font=&#8221;|500|||||||&#8221; header_text_color=&#8221;#FFFFFF&#8221; header_font_size=&#8221;80px&#8221; header_line_height=&#8221;1.15em&#8221; header_font_size_tablet=&#8221;50px&#8221; header_font_size_phone=&#8221;45px&#8221; header_font_size_last_edited=&#8221;on|phone&#8221; locked=&#8221;off&#8221; global_colors_info=&#8221;{}&#8221;]<\/p>\n<h1>Books and publications<\/h1>\n<p>[\/et_pb_text][\/et_pb_column][\/et_pb_row][\/et_pb_section][et_pb_section fb_built=&#8221;1&#8243; custom_padding_last_edited=&#8221;on|desktop&#8221; admin_label=&#8221;Service 1&#8243; _builder_version=&#8221;4.20.2&#8243; background_size=&#8221;initial&#8221; background_position=&#8221;top_center&#8221; max_width=&#8221;90%&#8221; max_width_tablet=&#8221;90%&#8221; max_width_phone=&#8221;100%&#8221; max_width_last_edited=&#8221;on|phone&#8221; custom_margin=&#8221;||100px||false|false&#8221; custom_padding=&#8221;80px|0px|80px|0px|true|false&#8221; custom_padding_tablet=&#8221;&#8221; custom_padding_phone=&#8221;40px|0px|0px|0px|false|false&#8221; border_width_all=&#8221;7px&#8221; border_color_all=&#8221;#f7f6f4&#8243; border_style_all=&#8221;none&#8221; border_width_top=&#8221;0px&#8221; custom_width_px__hover=&#8221;1080px&#8221; custom_width_px__hover_enabled=&#8221;1080px&#8221; custom_width_percent__hover=&#8221;80%&#8221; custom_width_percent__hover_enabled=&#8221;80%&#8221; collapsed=&#8221;off&#8221; global_colors_info=&#8221;{}&#8221; gutter_width__hover=&#8221;3&#8243; gutter_width__hover_enabled=&#8221;3&#8243; parallax_1__hover=&#8221;off&#8221; parallax_1__hover_enabled=&#8221;off&#8221; parallax_2__hover=&#8221;off&#8221; parallax_2__hover_enabled=&#8221;off&#8221; parallax_3__hover=&#8221;off&#8221; parallax_3__hover_enabled=&#8221;off&#8221; parallax_method_1__hover=&#8221;on&#8221; parallax_method_1__hover_enabled=&#8221;on&#8221; parallax_method_2__hover=&#8221;on&#8221; parallax_method_2__hover_enabled=&#8221;on&#8221; parallax_method_3__hover=&#8221;on&#8221; parallax_method_3__hover_enabled=&#8221;on&#8221; use_background_color_gradient__hover=&#8221;off&#8221; use_background_color_gradient__hover_enabled=&#8221;off&#8221; background_color_gradient_start__hover=&#8221;#2b87da&#8221; background_color_gradient_start__hover_enabled=&#8221;#2b87da&#8221; background_color_gradient_end__hover=&#8221;#29c4a9&#8243; background_color_gradient_end__hover_enabled=&#8221;#29c4a9&#8243; background_color_gradient_type__hover=&#8221;linear&#8221; background_color_gradient_type__hover_enabled=&#8221;linear&#8221; background_color_gradient_direction__hover=&#8221;180deg&#8221; background_color_gradient_direction__hover_enabled=&#8221;180deg&#8221; background_color_gradient_direction_radial__hover=&#8221;center&#8221; background_color_gradient_direction_radial__hover_enabled=&#8221;center&#8221; background_color_gradient_start_position__hover=&#8221;0%&#8221; background_color_gradient_start_position__hover_enabled=&#8221;0%&#8221; background_color_gradient_end_position__hover=&#8221;100%&#8221; background_color_gradient_end_position__hover_enabled=&#8221;100%&#8221; background_color_gradient_overlays_image__hover=&#8221;off&#8221; background_color_gradient_overlays_image__hover_enabled=&#8221;off&#8221; parallax__hover=&#8221;off&#8221; parallax__hover_enabled=&#8221;off&#8221; parallax_method__hover=&#8221;on&#8221; parallax_method__hover_enabled=&#8221;on&#8221; background_size__hover=&#8221;cover&#8221; background_size__hover_enabled=&#8221;cover&#8221; background_position__hover=&#8221;center&#8221; background_position__hover_enabled=&#8221;center&#8221; background_repeat__hover=&#8221;no-repeat&#8221; background_repeat__hover_enabled=&#8221;no-repeat&#8221; background_blend__hover=&#8221;normal&#8221; background_blend__hover_enabled=&#8221;normal&#8221; allow_player_pause__hover=&#8221;off&#8221; allow_player_pause__hover_enabled=&#8221;off&#8221; background_video_pause_outside_viewport__hover=&#8221;on&#8221; background_video_pause_outside_viewport__hover_enabled=&#8221;on&#8221; inner_shadow__hover=&#8221;off&#8221; inner_shadow__hover_enabled=&#8221;off&#8221; make_fullwidth__hover=&#8221;off&#8221; make_fullwidth__hover_enabled=&#8221;off&#8221; use_custom_width__hover=&#8221;off&#8221; use_custom_width__hover_enabled=&#8221;off&#8221; width_unit__hover=&#8221;on&#8221; width_unit__hover_enabled=&#8221;on&#8221; make_equal__hover=&#8221;off&#8221; make_equal__hover_enabled=&#8221;off&#8221; use_custom_gutter__hover=&#8221;off&#8221; use_custom_gutter__hover_enabled=&#8221;off&#8221; border_radii__hover=&#8221;on||||&#8221; border_radii__hover_enabled=&#8221;on||||&#8221; box_shadow_style__hover=&#8221;none&#8221; box_shadow_style__hover_enabled=&#8221;none&#8221; box_shadow_color__hover=&#8221;rgba(0,0,0,0.3)&#8221; box_shadow_color__hover_enabled=&#8221;rgba(0,0,0,0.3)&#8221; max_width__hover=&#8221;100%&#8221; max_width__hover_enabled=&#8221;100%&#8221; filter_hue_rotate__hover=&#8221;0deg&#8221; filter_hue_rotate__hover_enabled=&#8221;0deg&#8221; filter_saturate__hover=&#8221;100%&#8221; filter_saturate__hover_enabled=&#8221;100%&#8221; filter_brightness__hover=&#8221;100%&#8221; filter_brightness__hover_enabled=&#8221;100%&#8221; filter_contrast__hover=&#8221;100%&#8221; filter_contrast__hover_enabled=&#8221;100%&#8221; filter_invert__hover=&#8221;0%&#8221; filter_invert__hover_enabled=&#8221;0%&#8221; filter_sepia__hover=&#8221;0%&#8221; filter_sepia__hover_enabled=&#8221;0%&#8221; filter_opacity__hover=&#8221;100%&#8221; filter_opacity__hover_enabled=&#8221;100%&#8221; filter_blur__hover=&#8221;0px&#8221; filter_blur__hover_enabled=&#8221;0px&#8221; mix_blend_mode__hover=&#8221;normal&#8221; mix_blend_mode__hover_enabled=&#8221;normal&#8221; animation_style__hover=&#8221;none&#8221; animation_style__hover_enabled=&#8221;none&#8221; animation_repeat__hover=&#8221;once&#8221; animation_repeat__hover_enabled=&#8221;once&#8221; animation_direction__hover=&#8221;center&#8221; animation_direction__hover_enabled=&#8221;center&#8221; animation_duration__hover=&#8221;1000ms&#8221; animation_duration__hover_enabled=&#8221;1000ms&#8221; animation_delay__hover=&#8221;0ms&#8221; animation_delay__hover_enabled=&#8221;0ms&#8221; animation_intensity_slide__hover=&#8221;50%&#8221; animation_intensity_slide__hover_enabled=&#8221;50%&#8221; animation_intensity_zoom__hover=&#8221;50%&#8221; animation_intensity_zoom__hover_enabled=&#8221;50%&#8221; animation_intensity_flip__hover=&#8221;50%&#8221; animation_intensity_flip__hover_enabled=&#8221;50%&#8221; animation_intensity_fold__hover=&#8221;50%&#8221; animation_intensity_fold__hover_enabled=&#8221;50%&#8221; animation_intensity_roll__hover=&#8221;50%&#8221; animation_intensity_roll__hover_enabled=&#8221;50%&#8221; animation_starting_opacity__hover=&#8221;0%&#8221; animation_starting_opacity__hover_enabled=&#8221;0%&#8221; animation_speed_curve__hover=&#8221;ease-in-out&#8221; animation_speed_curve__hover_enabled=&#8221;ease-in-out&#8221; hover_transition_duration__hover=&#8221;300ms&#8221; hover_transition_duration__hover_enabled=&#8221;300ms&#8221; hover_transition_delay__hover=&#8221;0ms&#8221; hover_transition_delay__hover_enabled=&#8221;0ms&#8221; hover_transition_speed_curve__hover=&#8221;ease&#8221; hover_transition_speed_curve__hover_enabled=&#8221;ease&#8221; background_color_gradient_stops__hover=&#8221;#2b87da 0%|#29c4a9 100%&#8221;][et_pb_row make_equal=&#8221;on&#8221; admin_label=&#8221;Row&#8221; _builder_version=&#8221;4.20.2&#8243; module_alignment=&#8221;center&#8221; custom_padding=&#8221;0px||0px||false|false&#8221; custom_width_px__hover=&#8221;1080px&#8221; custom_width_px__hover_enabled=&#8221;1080px&#8221; custom_width_percent__hover=&#8221;80%&#8221; custom_width_percent__hover_enabled=&#8221;80%&#8221; locked=&#8221;off&#8221; global_colors_info=&#8221;{}&#8221; use_custom_width__hover=&#8221;off&#8221; use_custom_width__hover_enabled=&#8221;off&#8221; gutter_width__hover=&#8221;3&#8243; gutter_width__hover_enabled=&#8221;3&#8243; parallax_1__hover=&#8221;off&#8221; parallax_1__hover_enabled=&#8221;off&#8221; parallax_2__hover=&#8221;off&#8221; parallax_2__hover_enabled=&#8221;off&#8221; parallax_3__hover=&#8221;off&#8221; parallax_3__hover_enabled=&#8221;off&#8221; parallax_4__hover=&#8221;off&#8221; parallax_4__hover_enabled=&#8221;off&#8221; parallax_5__hover=&#8221;off&#8221; parallax_5__hover_enabled=&#8221;off&#8221; parallax_6__hover=&#8221;off&#8221; parallax_6__hover_enabled=&#8221;off&#8221; parallax_method_1__hover=&#8221;on&#8221; parallax_method_1__hover_enabled=&#8221;on&#8221; parallax_method_2__hover=&#8221;on&#8221; parallax_method_2__hover_enabled=&#8221;on&#8221; parallax_method_3__hover=&#8221;on&#8221; parallax_method_3__hover_enabled=&#8221;on&#8221; parallax_method_4__hover=&#8221;on&#8221; parallax_method_4__hover_enabled=&#8221;on&#8221; parallax_method_5__hover=&#8221;on&#8221; parallax_method_5__hover_enabled=&#8221;on&#8221; parallax_method_6__hover=&#8221;on&#8221; parallax_method_6__hover_enabled=&#8221;on&#8221; use_background_color_gradient__hover=&#8221;off&#8221; use_background_color_gradient__hover_enabled=&#8221;off&#8221; background_color_gradient_start__hover=&#8221;#2b87da&#8221; background_color_gradient_start__hover_enabled=&#8221;#2b87da&#8221; background_color_gradient_end__hover=&#8221;#29c4a9&#8243; background_color_gradient_end__hover_enabled=&#8221;#29c4a9&#8243; background_color_gradient_type__hover=&#8221;linear&#8221; background_color_gradient_type__hover_enabled=&#8221;linear&#8221; background_color_gradient_direction__hover=&#8221;180deg&#8221; background_color_gradient_direction__hover_enabled=&#8221;180deg&#8221; background_color_gradient_direction_radial__hover=&#8221;center&#8221; background_color_gradient_direction_radial__hover_enabled=&#8221;center&#8221; background_color_gradient_start_position__hover=&#8221;0%&#8221; background_color_gradient_start_position__hover_enabled=&#8221;0%&#8221; background_color_gradient_end_position__hover=&#8221;100%&#8221; background_color_gradient_end_position__hover_enabled=&#8221;100%&#8221; background_color_gradient_overlays_image__hover=&#8221;off&#8221; background_color_gradient_overlays_image__hover_enabled=&#8221;off&#8221; parallax__hover=&#8221;off&#8221; parallax__hover_enabled=&#8221;off&#8221; parallax_method__hover=&#8221;on&#8221; parallax_method__hover_enabled=&#8221;on&#8221; background_size__hover=&#8221;cover&#8221; background_size__hover_enabled=&#8221;cover&#8221; background_position__hover=&#8221;center&#8221; background_position__hover_enabled=&#8221;center&#8221; background_repeat__hover=&#8221;no-repeat&#8221; background_repeat__hover_enabled=&#8221;no-repeat&#8221; background_blend__hover=&#8221;normal&#8221; background_blend__hover_enabled=&#8221;normal&#8221; allow_player_pause__hover=&#8221;off&#8221; allow_player_pause__hover_enabled=&#8221;off&#8221; background_video_pause_outside_viewport__hover=&#8221;on&#8221; background_video_pause_outside_viewport__hover_enabled=&#8221;on&#8221; make_fullwidth__hover=&#8221;off&#8221; make_fullwidth__hover_enabled=&#8221;off&#8221; width_unit__hover=&#8221;on&#8221; width_unit__hover_enabled=&#8221;on&#8221; use_custom_gutter__hover=&#8221;off&#8221; use_custom_gutter__hover_enabled=&#8221;off&#8221; make_equal__hover=&#8221;off&#8221; make_equal__hover_enabled=&#8221;off&#8221; border_radii__hover=&#8221;on||||&#8221; border_radii__hover_enabled=&#8221;on||||&#8221; box_shadow_style__hover=&#8221;none&#8221; box_shadow_style__hover_enabled=&#8221;none&#8221; box_shadow_color__hover=&#8221;rgba(0,0,0,0.3)&#8221; box_shadow_color__hover_enabled=&#8221;rgba(0,0,0,0.3)&#8221; filter_hue_rotate__hover=&#8221;0deg&#8221; filter_hue_rotate__hover_enabled=&#8221;0deg&#8221; filter_saturate__hover=&#8221;100%&#8221; filter_saturate__hover_enabled=&#8221;100%&#8221; filter_brightness__hover=&#8221;100%&#8221; filter_brightness__hover_enabled=&#8221;100%&#8221; filter_contrast__hover=&#8221;100%&#8221; filter_contrast__hover_enabled=&#8221;100%&#8221; filter_invert__hover=&#8221;0%&#8221; filter_invert__hover_enabled=&#8221;0%&#8221; filter_sepia__hover=&#8221;0%&#8221; filter_sepia__hover_enabled=&#8221;0%&#8221; filter_opacity__hover=&#8221;100%&#8221; filter_opacity__hover_enabled=&#8221;100%&#8221; filter_blur__hover=&#8221;0px&#8221; filter_blur__hover_enabled=&#8221;0px&#8221; mix_blend_mode__hover=&#8221;normal&#8221; mix_blend_mode__hover_enabled=&#8221;normal&#8221; animation_style__hover=&#8221;none&#8221; animation_style__hover_enabled=&#8221;none&#8221; animation_repeat__hover=&#8221;once&#8221; animation_repeat__hover_enabled=&#8221;once&#8221; animation_direction__hover=&#8221;center&#8221; animation_direction__hover_enabled=&#8221;center&#8221; animation_duration__hover=&#8221;1000ms&#8221; animation_duration__hover_enabled=&#8221;1000ms&#8221; animation_delay__hover=&#8221;0ms&#8221; animation_delay__hover_enabled=&#8221;0ms&#8221; animation_intensity_slide__hover=&#8221;50%&#8221; animation_intensity_slide__hover_enabled=&#8221;50%&#8221; animation_intensity_zoom__hover=&#8221;50%&#8221; animation_intensity_zoom__hover_enabled=&#8221;50%&#8221; animation_intensity_flip__hover=&#8221;50%&#8221; animation_intensity_flip__hover_enabled=&#8221;50%&#8221; animation_intensity_fold__hover=&#8221;50%&#8221; animation_intensity_fold__hover_enabled=&#8221;50%&#8221; animation_intensity_roll__hover=&#8221;50%&#8221; animation_intensity_roll__hover_enabled=&#8221;50%&#8221; animation_starting_opacity__hover=&#8221;0%&#8221; animation_starting_opacity__hover_enabled=&#8221;0%&#8221; animation_speed_curve__hover=&#8221;ease-in-out&#8221; animation_speed_curve__hover_enabled=&#8221;ease-in-out&#8221; hover_transition_duration__hover=&#8221;300ms&#8221; hover_transition_duration__hover_enabled=&#8221;300ms&#8221; hover_transition_delay__hover=&#8221;0ms&#8221; hover_transition_delay__hover_enabled=&#8221;0ms&#8221; hover_transition_speed_curve__hover=&#8221;ease&#8221; hover_transition_speed_curve__hover_enabled=&#8221;ease&#8221; background_color_gradient_stops__hover=&#8221;#2b87da 0%|#29c4a9 100%&#8221;][et_pb_column type=&#8221;4_4&#8243; _builder_version=&#8221;4.19.5&#8243; custom_padding=&#8221;|||&#8221; global_colors_info=&#8221;{}&#8221; custom_padding__hover=&#8221;|||&#8221;][et_pb_text admin_label=&#8221;Subtext&#8221; _builder_version=&#8221;4.20.4&#8243; _module_preset=&#8221;default&#8221; global_colors_info=&#8221;{}&#8221;]<\/p>\n<p>In the shop of the Wittenstein Activity Museum, you can buy publications produced under the leadership of the Ajakeskus Wittenstein\/J\u00e4rvamaa museum or with the cooperation of the museum. A wide selection of J\u00e4rvamaa literature is waiting to be explored.<\/p>\n<p>You can buy the books in the museum&#8217;s opening times. Phone nr 5568 3760.<\/p>\n<p>When sending a package, the shipping cost is added. Choose a suitable Omniva or Smartpost parcel machine.<br \/>Place an order: info@wittenstein.ee, info tel. 5568 3760<\/p>\n<p>[\/et_pb_text][et_pb_divider _builder_version=&#8221;4.20.4&#8243; _module_preset=&#8221;default&#8221; background_image=&#8221;https:\/\/wittenstein.ee\/wp-content\/uploads\/2023\/02\/high-school_48.png&#8221; background_size=&#8221;initial&#8221; background_position=&#8221;top_left&#8221; background_repeat=&#8221;repeat-x&#8221; custom_margin=&#8221;|380px|10px|-30vw|false|false&#8221; custom_margin_tablet=&#8221;|300px||-15vw|false|false&#8221; custom_margin_phone=&#8221;|150px||-10vw|false|false&#8221; custom_margin_last_edited=&#8221;on|phone&#8221; global_colors_info=&#8221;{}&#8221;][\/et_pb_divider][\/et_pb_column][\/et_pb_row][et_pb_row column_structure=&#8221;1_3,1_3,1_3&#8243; admin_label=&#8221;T\u00fcri IX&#8221; _builder_version=&#8221;4.20.4&#8243; _module_preset=&#8221;default&#8221; global_colors_info=&#8221;{}&#8221;][et_pb_column type=&#8221;1_3&#8243; _builder_version=&#8221;4.20.4&#8243; _module_preset=&#8221;default&#8221; global_colors_info=&#8221;{}&#8221;][et_pb_text admin_label=&#8221;Text&#8221; _builder_version=&#8221;4.27.2&#8243; _module_preset=&#8221;default&#8221; global_colors_info=&#8221;{}&#8221;]<\/p>\n<h4><strong><b>Paide lood ja legendid<\/b><br \/>\n<\/strong><\/h4>\n<p><span>Tiiu Saarist ja Elle N\u00e4ppo<br \/>\n (koostajad)<\/span><\/p>\n<p style=\"font-weight: 400;\">J\u00e4rvamaa Muuseumi S\u00f5prade Selts 2025\n<\/p>\n<p style=\"font-weight: 400;\">K\u00f5vak\u00f6ide, 160 lk\n<\/p>\n<p><strong>Hind 25\u20ac<\/strong><\/p>\n<p><span>T\u00fcri vald on suur, laiudes kokku 1008 ruutkilomeetril. Haldusreformide k\u00e4igus on ta sirgunud nii p\u00f5hja, l\u00f5una kui l\u00e4\u00e4ne suunal, <\/span><span>kasvades<\/span><span>\u00a0<\/span><span>\u00fcheks<\/span><span> J\u00e4rvamaa kultuurilukku on lisandunud uus teos \u2013 tr\u00fckisoojana on ilmunud J\u00e4rvamaa Muuseumi S\u00f5prade Seltsi liikmete Tiiu Saaristi ja Elle N\u00e4ppo koostatud raamat \u201ePaide lood ja legendid\u201c. Kogumik avab ukse Paide linna p\u00e4rimusmaailma \u2013 lugudesse, mis on osalt elust enesest, osalt rahvasuust ringlevad ja kohati ka m\u00e4ngulise fantaasia v\u00fcrtsiga. Autorid \u00fctlevad, et raamatu koostamine oli omamoodi teekond linna minevikukihtide ja muistsete jutustuste vahele. Teksti keelelise lihvi andis Anne Kivim\u00e4e, raamatu tr\u00fckkis ja k\u00f6itis AS Kuma ning kaanekujunduse ja kujunduse eest hoolitses Rainer Alas. Lugude valik s\u00fcndis pika otsimise k\u00e4igus. \u201eVanas ajakirjanduses leidub \u00fcllatavalt palju p\u00f5nevaid seiku ja eks kohalikud vanemad inimesed m\u00e4letavad samuti nii m\u00f5ndagi,\u201c m\u00e4rgivad autorid. \u201e\u00dcritasime jutud esitada v\u00f5imalikult originaalselt \u2013 nii, nagu need kunagiste jutustajate suust k\u00f5lasid.\u201c<\/span>[\/et_pb_text][\/et_pb_column][et_pb_column type=&#8221;1_3&#8243; _builder_version=&#8221;4.20.4&#8243; _module_preset=&#8221;default&#8221; global_colors_info=&#8221;{}&#8221;][\/et_pb_column][et_pb_column type=&#8221;1_3&#8243; _builder_version=&#8221;4.20.4&#8243; _module_preset=&#8221;default&#8221; global_colors_info=&#8221;{}&#8221;][et_pb_image src=&#8221;https:\/\/wittenstein.ee\/wp-content\/uploads\/2025\/12\/MDS06583-1-scaled.jpg&#8221; alt=&#8221;Konstantin P\u00e4ts ja J\u00e4rvamaa&#8221; title_text=&#8221;Paide lood ja legendid&#8221; _builder_version=&#8221;4.27.2&#8243; _module_preset=&#8221;default&#8221; width=&#8221;100%&#8221; max_width=&#8221;100%&#8221; min_height=&#8221;500px&#8221; max_height=&#8221;500px&#8221; global_colors_info=&#8221;{}&#8221;][\/et_pb_image][\/et_pb_column][\/et_pb_row][et_pb_row column_structure=&#8221;1_3,1_3,1_3&#8243; admin_label=&#8221;J\u00e4rvamaa Muuseumi toimetised&#8221; _builder_version=&#8221;4.20.4&#8243; _module_preset=&#8221;default&#8221; global_colors_info=&#8221;{}&#8221;][et_pb_column type=&#8221;1_3&#8243; _builder_version=&#8221;4.20.4&#8243; _module_preset=&#8221;default&#8221; global_colors_info=&#8221;{}&#8221;][et_pb_image src=&#8221;https:\/\/wittenstein.ee\/wp-content\/uploads\/2025\/10\/hesse-kaaned-25-07-21-1-scaled.jpg&#8221; title_text=&#8221;hesse kaaned 25-07-21&#8243; _builder_version=&#8221;4.27.2&#8243; _module_preset=&#8221;default&#8221; width=&#8221;100%&#8221; max_width=&#8221;100%&#8221; min_height=&#8221;500px&#8221; max_height=&#8221;500px&#8221; global_colors_info=&#8221;{}&#8221;][\/et_pb_image][et_pb_divider _builder_version=&#8221;4.20.4&#8243; _module_preset=&#8221;default&#8221; background_image=&#8221;https:\/\/wittenstein.ee\/wp-content\/uploads\/2023\/02\/high-school_48.png&#8221; background_size=&#8221;initial&#8221; background_position=&#8221;top_left&#8221; background_repeat=&#8221;repeat-x&#8221; custom_margin=&#8221;|380px|10px|-30vw|false|false&#8221; custom_margin_tablet=&#8221;|300px||-15vw|false|false&#8221; custom_margin_phone=&#8221;|150px||-10vw|false|false&#8221; custom_margin_last_edited=&#8221;on|phone&#8221; global_colors_info=&#8221;{}&#8221;][\/et_pb_divider][\/et_pb_column][et_pb_column type=&#8221;1_3&#8243; _builder_version=&#8221;4.20.4&#8243; _module_preset=&#8221;default&#8221; global_colors_info=&#8221;{}&#8221;][et_pb_text admin_label=&#8221;Text&#8221; _builder_version=&#8221;4.27.2&#8243; _module_preset=&#8221;default&#8221; global_colors_info=&#8221;{}&#8221;]<\/p>\n<h3 data-start=\"302\" data-end=\"359\"><strong data-start=\"306\" data-end=\"357\">Dr. Carl Hermann Hesse ja Paide s\u00f5nas ja pildis<\/strong><\/h3>\n<p data-start=\"361\" data-end=\"385\">R\u00fcndo M\u00fclts (koostaja)<\/p>\n<p data-start=\"387\" data-end=\"434\">Ajakeskus Wittenstein \/ J\u00e4rvamaa muuseum 2025<\/p>\n<p data-start=\"436\" data-end=\"455\">K\u00f5vak\u00f6ide, 145 lk<\/p>\n<p data-start=\"457\" data-end=\"469\"><strong>Hind 21 \u20ac<\/strong><\/p>\n<p data-start=\"471\" data-end=\"728\">Raamatu on koostanud SA Ajakeskus Wittenstein \/ J\u00e4rvamaa muuseumi teadusjuht <strong data-start=\"548\" data-end=\"563\">R\u00fcndo M\u00fclts<\/strong>. Teos heidab p\u00f5hjaliku pilgu Paidega seotud <strong data-start=\"608\" data-end=\"626\">Hesse suguv\u00f5sa<\/strong> kultuuriloolisele taustale, tuues lugejani lugusid, artikleid ja rohkelt ajaloolist pildimaterjali.<\/p>\n<p data-start=\"730\" data-end=\"1056\">Paide on tuntud helilooja <strong data-start=\"756\" data-end=\"770\">Arvo P\u00e4rdi<\/strong> s\u00fcnnilinnana, kuid v\u00e4hem teatakse, et linnaga on seotud ka maailmakuulsa kirjaniku <strong data-start=\"854\" data-end=\"871\">Hermann Hesse<\/strong> (1877\u20131962) esivanemad. Kirjaniku isa <strong data-start=\"910\" data-end=\"928\">Johannes Hesse<\/strong> s\u00fcndis ja kasvas Paides ning tema vanaisa, kreisarst <strong data-start=\"982\" data-end=\"1004\">Carl Hermann Hesse<\/strong>, tegutses linnas ja on maetud Reopalu kalmistule.<\/p>\n<p data-start=\"1058\" data-end=\"1470\">Kogumikus on artikleid J\u00e4rvamaa muuseumi kauaaegselt teadurilt <strong data-start=\"1121\" data-end=\"1140\">Malle H\u00f5bem\u00e4elt<\/strong>, Tartu \u00dclikooli professorilt <strong data-start=\"1170\" data-end=\"1188\">Liina Lukaselt<\/strong>, genealoog <strong data-start=\"1200\" data-end=\"1221\">Andres Kruusmaalt<\/strong> ning saksa kirjandusteadlase ja Hesse biograafi <strong data-start=\"1270\" data-end=\"1296\">Hans J\u00fcrgen Schmelzeri<\/strong> uurimus (t\u00f5lkinud <strong data-start=\"1315\" data-end=\"1333\">Leelo Kivirand<\/strong>). Mahuka t\u00f5lket\u00f6\u00f6 eesti keelest inglise keelde tegi <strong data-start=\"1386\" data-end=\"1400\">Aire Kraut<\/strong>, keeletoimetaja on <strong data-start=\"1420\" data-end=\"1433\">Reet Piik<\/strong>, ning tr\u00fcki valmistas <strong data-start=\"1456\" data-end=\"1467\">Kuma AS<\/strong>.<\/p>\n<p data-start=\"1472\" data-end=\"1635\">Raamat on ilmunud nii <strong data-start=\"1494\" data-end=\"1504\">eesti-<\/strong> kui ka <strong data-start=\"1512\" data-end=\"1530\">ingliskeelsena<\/strong>, pakkudes v\u00e4\u00e4rtuslikku lugemist k\u00f5igile, keda huvitab J\u00e4rvamaa kultuurilugu ja rahvusvahelised seosed.<\/p>\n<p>[\/et_pb_text][\/et_pb_column][et_pb_column type=&#8221;1_3&#8243; _builder_version=&#8221;4.20.4&#8243; _module_preset=&#8221;default&#8221; global_colors_info=&#8221;{}&#8221;][\/et_pb_column][\/et_pb_row][et_pb_row column_structure=&#8221;1_2,1_2&#8243; admin_label=&#8221;T\u00fcri IX&#8221; _builder_version=&#8221;4.27.2&#8243; _module_preset=&#8221;default&#8221; global_colors_info=&#8221;{}&#8221;][et_pb_column type=&#8221;1_2&#8243; _builder_version=&#8221;4.20.4&#8243; _module_preset=&#8221;default&#8221; global_colors_info=&#8221;{}&#8221;][et_pb_text admin_label=&#8221;Text&#8221; _builder_version=&#8221;4.27.2&#8243; _module_preset=&#8221;default&#8221; global_colors_info=&#8221;{}&#8221;]<\/p>\n<div><strong>Paide &#8211; linn Eestimaa s\u00fcdames &#8211; the city at the heart of Estonia\u00a0<\/strong><\/div>\n<div><\/div>\n<div>M\u00e4rt L\u00f5hmus (koostaja)<\/div>\n<div><\/div>\n<div>KUMA 2025<\/div>\n<div>K\u00f5va k\u00f6ide 118 lk<\/div>\n<div><strong>Hind 25\u20ac<\/strong><\/div>\n<div><\/div>\n<div>Eesti ja inglise keelne raamat viib s\u00f5nas &#8211; pildis tutvuma Paide linnaga l\u00e4bi viimaste aastak\u00fcmnete. Fotoraamat annab hea \u00fclevaate Paide ajaloolisest vanalinnast, ettev\u00f5tetest, asutustest ning maapiirkonnas asuvatest k\u00fcladest ning sealsetest huviv\u00e4\u00e4rustest. Lugeja saab \u00fclevaate arengutest, mis Eestimaa s\u00fcdames on toimunud viimaste aastate jooksul.<\/div>\n<p>[\/et_pb_text][\/et_pb_column][et_pb_column type=&#8221;1_2&#8243; _builder_version=&#8221;4.20.4&#8243; _module_preset=&#8221;default&#8221; global_colors_info=&#8221;{}&#8221;][et_pb_image src=&#8221;https:\/\/wittenstein.ee\/wp-content\/uploads\/2026\/02\/Paide-linn-Eestimaa-sudames-Mart-Lohmus-scaled.jpg&#8221; alt=&#8221;Konstantin P\u00e4ts ja J\u00e4rvamaa&#8221; title_text=&#8221;Paide-linn Eestimaa s\u00fcdames M\u00e4rt L\u00f5hmus&#8221; _builder_version=&#8221;4.27.2&#8243; _module_preset=&#8221;default&#8221; width=&#8221;100%&#8221; max_width=&#8221;100%&#8221; min_height=&#8221;500px&#8221; max_height=&#8221;500px&#8221; hover_enabled=&#8221;0&#8243; global_colors_info=&#8221;{}&#8221; sticky_enabled=&#8221;0&#8243;][\/et_pb_image][\/et_pb_column][\/et_pb_row][et_pb_row column_structure=&#8221;1_3,1_3,1_3&#8243; admin_label=&#8221;J\u00e4rvamaa Muuseumi toimetised&#8221; _builder_version=&#8221;4.20.4&#8243; _module_preset=&#8221;default&#8221; global_colors_info=&#8221;{}&#8221;][et_pb_column type=&#8221;1_3&#8243; _builder_version=&#8221;4.20.4&#8243; _module_preset=&#8221;default&#8221; global_colors_info=&#8221;{}&#8221;][et_pb_image src=&#8221;https:\/\/wittenstein.ee\/wp-content\/uploads\/2025\/07\/MDS05709-scaled.jpg&#8221; title_text=&#8221;%22T\u00fcri linna lood%22&#8243; _builder_version=&#8221;4.27.2&#8243; _module_preset=&#8221;default&#8221; width=&#8221;100%&#8221; max_width=&#8221;100%&#8221; min_height=&#8221;500px&#8221; max_height=&#8221;500px&#8221; global_colors_info=&#8221;{}&#8221;][\/et_pb_image][et_pb_divider _builder_version=&#8221;4.20.4&#8243; _module_preset=&#8221;default&#8221; background_image=&#8221;https:\/\/wittenstein.ee\/wp-content\/uploads\/2023\/02\/high-school_48.png&#8221; background_size=&#8221;initial&#8221; background_position=&#8221;top_left&#8221; background_repeat=&#8221;repeat-x&#8221; custom_margin=&#8221;|380px|10px|-30vw|false|false&#8221; custom_margin_tablet=&#8221;|300px||-15vw|false|false&#8221; custom_margin_phone=&#8221;|150px||-10vw|false|false&#8221; custom_margin_last_edited=&#8221;on|phone&#8221; global_colors_info=&#8221;{}&#8221;][\/et_pb_divider][\/et_pb_column][et_pb_column type=&#8221;1_3&#8243; _builder_version=&#8221;4.20.4&#8243; _module_preset=&#8221;default&#8221; global_colors_info=&#8221;{}&#8221;][et_pb_text admin_label=&#8221;Text&#8221; _builder_version=&#8221;4.27.2&#8243; _module_preset=&#8221;default&#8221; global_colors_info=&#8221;{}&#8221;]<\/p>\n<p style=\"font-weight: 400;\"><strong>T\u00fcri linna lood s\u00f5nas ja pildis II<\/strong><\/p>\n<p style=\"font-weight: 400;\">Kaarel Aluoja (koostaja)<\/p>\n<p style=\"font-weight: 400;\">Ajakeskus Wittenstein\/J\u00e4rvamaa muuseum 2025<\/p>\n<p style=\"font-weight: 400;\">Pehme k\u00f6ide, 160 lk<\/p>\n<p style=\"font-weight: 400;\"><strong>Hind 25\u20ac<\/strong><\/p>\n<p style=\"font-weight: 400;\">Raamatu autoriks on J\u00e4rvamaa Muuseumi S\u00f5prade Seltsi liige Kaarel Aluoja, kes viib lugeja r\u00e4nnakule l\u00e4bi T\u00fcri linna mineviku, avades seni v\u00e4he tuntud fakte, haaravaid lugusid ja v\u00e4\u00e4rtuslikke fotom\u00e4lestusi. 160 lehek\u00fcljel on ligi sadakond lugu T\u00fcri linna l\u00e4hemast ja kaugemast ajaloost. K\u00e4sitletakse muuhulgas:<\/p>\n<p style=\"font-weight: 400;\">&#8211;\u00a0\u00a0\u00a0\u00a0\u00a0\u00a0\u00a0\u00a0\u00a0<span>\u00a0<\/span>\u00f5una t\u00e4hendust T\u00fcri vapil,<\/p>\n<p style=\"font-weight: 400;\">&#8211;\u00a0\u00a0\u00a0\u00a0\u00a0\u00a0\u00a0\u00a0\u00a0<span>\u00a0<\/span>linna kujunemist kevadpealinnaks,<\/p>\n<p style=\"font-weight: 400;\">&#8211;\u00a0\u00a0\u00a0\u00a0\u00a0\u00a0\u00a0\u00a0\u00a0<span>\u00a0<\/span>pritsimeeste tegevust,<\/p>\n<p style=\"font-weight: 400;\">&#8211;\u00a0\u00a0\u00a0\u00a0\u00a0\u00a0\u00a0\u00a0\u00a0<span>\u00a0<\/span>lauluharrastusega seotud paiku,<\/p>\n<p style=\"font-weight: 400;\">&#8211;\u00a0\u00a0\u00a0\u00a0\u00a0\u00a0\u00a0\u00a0\u00a0<span>\u00a0<\/span>olulisemaid hooneid ning linna kultuuriloos t\u00e4htsat rolli m\u00e4nginud inimesi.<\/p>\n<p>[\/et_pb_text][\/et_pb_column][et_pb_column type=&#8221;1_3&#8243; _builder_version=&#8221;4.20.4&#8243; _module_preset=&#8221;default&#8221; global_colors_info=&#8221;{}&#8221;][\/et_pb_column][\/et_pb_row][et_pb_row column_structure=&#8221;1_3,1_3,1_3&#8243; admin_label=&#8221;T\u00fcri IX&#8221; _builder_version=&#8221;4.20.4&#8243; _module_preset=&#8221;default&#8221; global_colors_info=&#8221;{}&#8221;][et_pb_column type=&#8221;1_3&#8243; _builder_version=&#8221;4.20.4&#8243; _module_preset=&#8221;default&#8221; global_colors_info=&#8221;{}&#8221;][et_pb_text admin_label=&#8221;Text&#8221; _builder_version=&#8221;4.27.2&#8243; _module_preset=&#8221;default&#8221; global_colors_info=&#8221;{}&#8221;]<\/p>\n<h4><strong><span>T\u00fcri valla lood s\u00f5nas ja pildis<\/span><br \/><\/strong><\/h4>\n<p><span>Kaarel Aluoja (koostaja)<\/span><\/p>\n<p style=\"font-weight: 400;\">Ajakeskus Wittenstein\/J\u00e4rvamaa muuseum 2024<\/p>\n<p style=\"font-weight: 400;\">Pehme k\u00f6ide, 159 lk<\/p>\n<p><strong>Hind 25\u20ac<\/strong><\/p>\n<p><span>T\u00fcri vald on suur, laiudes kokku 1008 ruutkilomeetril. Haldusreformide k\u00e4igus on ta sirgunud nii p\u00f5hja, l\u00f5una kui l\u00e4\u00e4ne suunal, <\/span><span>kasvades<\/span><span>\u00a0<\/span><span>\u00fcheks<\/span><span> endise Kabala, Oisu, V\u00e4\u00e4tsa ja K\u00e4ru valla aladega. Selge, et nii suurel alal leidub k\u00fcllaga ajaloolist ja huviv\u00e4\u00e4rset, olgu tegemist siis endisaegsete m\u00f5isahoonete, kunagi tegutsenud meiereide ja koorejaamade, vanade vesikite, ikka j\u00e4lle uuendatud sildade v\u00f5i siis v\u00e4\u00e4rikate taludega. Samuti aga praeguse T\u00fcri valla k\u00fcladest sirgunud Eesti suurkujudega, keda s\u00fcnnikohas meenutab m\u00e4lestuskivi. Nende inimeste ja hoonete lugusid on huvitav, samas isegi vajalik teada. Nende lood on T\u00fcri valla lood. Raamat on j\u00e4rjeks 2022. aastal J\u00e4rvamaa Muuseumi S\u00f5prade Seltsi liikme Kaarel Aluoja koostatud teosele \u201eT\u00fcri linna lood s\u00f5nas ja pildis\u201c.\u00a0<\/span><\/p>\n<p>[\/et_pb_text][\/et_pb_column][et_pb_column type=&#8221;1_3&#8243; _builder_version=&#8221;4.20.4&#8243; _module_preset=&#8221;default&#8221; global_colors_info=&#8221;{}&#8221;][\/et_pb_column][et_pb_column type=&#8221;1_3&#8243; _builder_version=&#8221;4.20.4&#8243; _module_preset=&#8221;default&#8221; global_colors_info=&#8221;{}&#8221;][et_pb_image src=&#8221;https:\/\/wittenstein.ee\/wp-content\/uploads\/2025\/02\/Turi-valla-lood.jpg&#8221; alt=&#8221;Konstantin P\u00e4ts ja J\u00e4rvamaa&#8221; title_text=&#8221;T\u00fcri valla lood&#8221; _builder_version=&#8221;4.27.2&#8243; _module_preset=&#8221;default&#8221; width=&#8221;100%&#8221; max_width=&#8221;100%&#8221; min_height=&#8221;500px&#8221; max_height=&#8221;500px&#8221; global_colors_info=&#8221;{}&#8221;][\/et_pb_image][\/et_pb_column][\/et_pb_row][et_pb_row column_structure=&#8221;1_3,1_3,1_3&#8243; admin_label=&#8221;T\u00fcri IX&#8221; _builder_version=&#8221;4.20.4&#8243; _module_preset=&#8221;default&#8221; global_colors_info=&#8221;{}&#8221;][et_pb_column type=&#8221;1_3&#8243; _builder_version=&#8221;4.20.4&#8243; _module_preset=&#8221;default&#8221; global_colors_info=&#8221;{}&#8221;][et_pb_text admin_label=&#8221;Text&#8221; _builder_version=&#8221;4.20.4&#8243; _module_preset=&#8221;default&#8221; global_colors_info=&#8221;{}&#8221;]<\/p>\n<h4><strong><br \/>\nKonstantin P\u00e4ts ja J\u00e4rvamaa<\/strong><\/h4>\n<p>Henn Sokk (koostaja)<\/p>\n<p>Ajakeskus Wittenstein\/J\u00e4rvamaa muuseum 2024<\/p>\n<p><strong>Hind 12\u20ac<\/strong><\/p>\n<p>Eesti esimest omariiklusperioodi  hoogsalt kujundanud poliitiku seosed J\u00e4rvamaaga on \u00fchiste raamatukaante vahele koondanud koduloolane ja J\u00e4rvamaa ajaloo uurija Henn Sokk.[\/et_pb_text][\/et_pb_column][et_pb_column type=&#8221;1_3&#8243; _builder_version=&#8221;4.20.4&#8243; _module_preset=&#8221;default&#8221; global_colors_info=&#8221;{}&#8221;][\/et_pb_column][et_pb_column type=&#8221;1_3&#8243; _builder_version=&#8221;4.20.4&#8243; _module_preset=&#8221;default&#8221; global_colors_info=&#8221;{}&#8221;][et_pb_image src=&#8221;https:\/\/wittenstein.ee\/wp-content\/uploads\/2024\/03\/MDS03286-scaled.jpg&#8221; alt=&#8221;Konstantin P\u00e4ts ja J\u00e4rvamaa&#8221; title_text=&#8221;Konstantin P\u00e4ts ja J\u00e4rvamaa&#8221; _builder_version=&#8221;4.20.4&#8243; _module_preset=&#8221;default&#8221; width=&#8221;100%&#8221; max_width=&#8221;100%&#8221; min_height=&#8221;500px&#8221; max_height=&#8221;500px&#8221; global_colors_info=&#8221;{}&#8221;][\/et_pb_image][\/et_pb_column][\/et_pb_row][et_pb_row _builder_version=&#8221;4.20.4&#8243; _module_preset=&#8221;default&#8221; global_colors_info=&#8221;{}&#8221;][et_pb_column type=&#8221;4_4&#8243; _builder_version=&#8221;4.20.4&#8243; _module_preset=&#8221;default&#8221; global_colors_info=&#8221;{}&#8221;][et_pb_divider _builder_version=&#8221;4.20.4&#8243; _module_preset=&#8221;default&#8221; background_image=&#8221;https:\/\/wittenstein.ee\/wp-content\/uploads\/2023\/02\/high-school_48.png&#8221; background_size=&#8221;initial&#8221; background_position=&#8221;top_left&#8221; background_repeat=&#8221;repeat-x&#8221; custom_margin=&#8221;|380px|10px|-30vw|false|false&#8221; custom_margin_tablet=&#8221;|300px||-15vw|false|false&#8221; custom_margin_phone=&#8221;|150px||-10vw|false|false&#8221; custom_margin_last_edited=&#8221;on|phone&#8221; global_colors_info=&#8221;{}&#8221;][\/et_pb_divider][\/et_pb_column][\/et_pb_row][et_pb_row column_structure=&#8221;1_3,1_3,1_3&#8243; admin_label=&#8221;J\u00e4rvamaa Muuseumi toimetised&#8221; _builder_version=&#8221;4.20.4&#8243; _module_preset=&#8221;default&#8221; global_colors_info=&#8221;{}&#8221;][et_pb_column type=&#8221;1_3&#8243; _builder_version=&#8221;4.20.4&#8243; _module_preset=&#8221;default&#8221; global_colors_info=&#8221;{}&#8221;][et_pb_image src=&#8221;https:\/\/wittenstein.ee\/wp-content\/uploads\/2024\/03\/Valasti-Marge-Kannel-scaled.jpg&#8221; title_text=&#8221;Valasti Marge Kannel&#8221; _builder_version=&#8221;4.20.4&#8243; _module_preset=&#8221;default&#8221; width=&#8221;100%&#8221; max_width=&#8221;100%&#8221; min_height=&#8221;500px&#8221; max_height=&#8221;500px&#8221; global_colors_info=&#8221;{}&#8221;][\/et_pb_image][et_pb_divider _builder_version=&#8221;4.20.4&#8243; _module_preset=&#8221;default&#8221; background_image=&#8221;https:\/\/wittenstein.ee\/wp-content\/uploads\/2023\/02\/high-school_48.png&#8221; background_size=&#8221;initial&#8221; background_position=&#8221;top_left&#8221; background_repeat=&#8221;repeat-x&#8221; custom_margin=&#8221;|380px|10px|-30vw|false|false&#8221; custom_margin_tablet=&#8221;|300px||-15vw|false|false&#8221; custom_margin_phone=&#8221;|150px||-10vw|false|false&#8221; custom_margin_last_edited=&#8221;on|phone&#8221; global_colors_info=&#8221;{}&#8221;][\/et_pb_divider][\/et_pb_column][et_pb_column type=&#8221;1_3&#8243; _builder_version=&#8221;4.20.4&#8243; _module_preset=&#8221;default&#8221; global_colors_info=&#8221;{}&#8221;][et_pb_text admin_label=&#8221;Text&#8221; _builder_version=&#8221;4.20.4&#8243; _module_preset=&#8221;default&#8221; global_colors_info=&#8221;{}&#8221;]<\/p>\n<h4><strong>Valasti<\/strong><\/h4>\n<p>Marge Kannel (koostaja)<\/p>\n<p>T\u00fcri 2024<\/p>\n<p><strong>Hind 39\u20ac<\/strong><\/p>\n<p>Ajaloolase, kooli\u00f5petaja ja koduloouurija Marge Kanneli sulest ilmus 2024. aastal raamat n\u00fc\u00fcdse Paide linna territooriumil asuva Valasti k\u00fcla ajaloost. Raamatu 312 lehek\u00fcljel on teavet nii Valasti k\u00fcla ja kogukonna tekke- ja kujunemisloost. Esialgu \u00fche raamatuna plaanitud \u00fclevaade saab tulevikus ka j\u00e4rje, sest kirjutamise k\u00e4igus t\u00f5des autor, et materjali jagub v\u00e4hemalt kahe mahuka kirjutise jaoks. Nii l\u00f5peb raamat Valasti k\u00fcla ajaloost m\u00e4rgilise 1918. aastaga, mil loodi Eesti Vabariik. Materjali kogudes proovis autor j\u00f5uda algallikateni. Lugeda tuli arvukaid toimikuid kohtuprotokolle, vestelda Valasti k\u00fcla endiste ja praeguste elanikega ning nende j\u00e4reltulijatega. Marge Kanneli hinnangul v\u00f5iks raamat pakkuda huvi nii kohalike, kes tunnevad huvi esivanemate eluk\u00e4igu vastu kui ka teistele, kes soovivad lugeda, mismoodi \u00fches k\u00fclas ja vallas elati.[\/et_pb_text][\/et_pb_column][et_pb_column type=&#8221;1_3&#8243; _builder_version=&#8221;4.20.4&#8243; _module_preset=&#8221;default&#8221; global_colors_info=&#8221;{}&#8221;][\/et_pb_column][\/et_pb_row][et_pb_row column_structure=&#8221;1_2,1_2&#8243; admin_label=&#8221;T\u00fcri IX&#8221; _builder_version=&#8221;4.20.4&#8243; _module_preset=&#8221;default&#8221; global_colors_info=&#8221;{}&#8221;][et_pb_column type=&#8221;1_2&#8243; _builder_version=&#8221;4.20.4&#8243; _module_preset=&#8221;default&#8221; global_colors_info=&#8221;{}&#8221;][et_pb_text admin_label=&#8221;Text&#8221; _builder_version=&#8221;4.20.4&#8243; _module_preset=&#8221;default&#8221; global_colors_info=&#8221;{}&#8221;]<\/p>\n<h4><strong>Herald Eelma aeg ja joon<\/strong><\/h4>\n<p>Herald Eelma (koostaja)<\/p>\n<p>Tallinn 2022<\/p>\n<p><strong>Hind 30\u20ac<\/strong><\/p>\n<p>Herald Eelma (s. 1934 J\u00e4rvamaal, J\u00e4rva-Jaani kihelkonnas) l\u00f5petas Eesti Kunstiakadeemia (tollal Kunstiinstituudi) graafika eriala cum laude aastal 1959. Eelma rikkalik vabagraafiline looming sisaldab palju \u00f5nnestunud sarju, n\u00e4iteks \u201ePuud\u201c, \u201eP\u00fchap\u00e4ev\u201c (linooll\u00f5ige), \u201eSillad\u201c (v\u00e4rviline linooll\u00f5ige), eesti loodusest l\u00e4htuvaid sarju, mis on tehtud kodukoha Kesk-Eesti, Saaremaa M\u00f6ldri k\u00fcla ja P\u00f5hjaranniku Tapurla k\u00fcla ainetel. Nauditavad on nii julged linooll\u00f5iked kui tundlikud litograafiad. Herald Eelma vabagraafikat ja joonistusi on eksponeeritud rahvusvahelistel biennaalidel, ta on oma loomingu eest korduvalt p\u00e4lvinud tunnustusi nii kodu- kui v\u00e4lismaal. Vabaloomingu k\u00f5rval on ta j\u00e4tkanud illustreerimist. Tuntuimad on illlustratsioonid eestikeelsele \u201eKalevalale\u201d, esile saab t\u00f5sta illustratsioone j\u00e4rgmistele teostele: A.H.Tammsaare \u201eMa armastasin sakslast\u201c, Fr. Tuglas \u201ePopi ja Huhuu\u201c, Fr. Tuglas \u201eMarginaalia\u201c, Aleksis Kivi \u201eKullervo\u201c, Michel Quoist \u201ePalved ristiteel\u201c, Henrik Ibsen \u201ePeer Gynt\u201c jmt.Raamatu koostas Herald Eelma, tekstide autorid on J\u00fcri Hain, Elnara Taidre, Herald Eelma. Kujundaja P\u00e4rtel Eelma. Raamatu v\u00e4ljaandmist on toetanud Eesti Kultuurkapital, Susan ja August M\u00f6lderi fond, Renate J\u00f5esaare stipendiumifond.<\/p>\n<p>[\/et_pb_text][\/et_pb_column][et_pb_column type=&#8221;1_2&#8243; _builder_version=&#8221;4.20.4&#8243; _module_preset=&#8221;default&#8221; global_colors_info=&#8221;{}&#8221;][et_pb_image src=&#8221;https:\/\/wittenstein.ee\/wp-content\/uploads\/2024\/03\/Herald-Eelma-Aeg-ja-joon-scaled.jpg&#8221; title_text=&#8221;Herald Eelma Aeg ja joon&#8221; _builder_version=&#8221;4.20.4&#8243; _module_preset=&#8221;default&#8221; width=&#8221;100%&#8221; max_width=&#8221;100%&#8221; min_height=&#8221;500px&#8221; max_height=&#8221;500px&#8221; global_colors_info=&#8221;{}&#8221;][\/et_pb_image][\/et_pb_column][\/et_pb_row][et_pb_row _builder_version=&#8221;4.20.4&#8243; _module_preset=&#8221;default&#8221; global_colors_info=&#8221;{}&#8221;][et_pb_column type=&#8221;4_4&#8243; _builder_version=&#8221;4.20.4&#8243; _module_preset=&#8221;default&#8221; global_colors_info=&#8221;{}&#8221;][et_pb_divider _builder_version=&#8221;4.20.4&#8243; _module_preset=&#8221;default&#8221; background_image=&#8221;https:\/\/wittenstein.ee\/wp-content\/uploads\/2023\/02\/high-school_48.png&#8221; background_size=&#8221;initial&#8221; background_position=&#8221;top_left&#8221; background_repeat=&#8221;repeat-x&#8221; custom_margin=&#8221;|380px|10px|-30vw|false|false&#8221; custom_margin_tablet=&#8221;|300px||-15vw|false|false&#8221; custom_margin_phone=&#8221;|150px||-10vw|false|false&#8221; custom_margin_last_edited=&#8221;on|phone&#8221; global_colors_info=&#8221;{}&#8221;][\/et_pb_divider][\/et_pb_column][\/et_pb_row][et_pb_row column_structure=&#8221;1_2,1_2&#8243; admin_label=&#8221;J\u00e4rvamaa Muuseumi toimetised&#8221; _builder_version=&#8221;4.20.4&#8243; _module_preset=&#8221;default&#8221; global_colors_info=&#8221;{}&#8221;][et_pb_column type=&#8221;1_2&#8243; _builder_version=&#8221;4.20.4&#8243; _module_preset=&#8221;default&#8221; global_colors_info=&#8221;{}&#8221;][et_pb_image src=&#8221;https:\/\/wittenstein.ee\/wp-content\/uploads\/2023\/08\/Muuseumi-toimetised.jpg&#8221; title_text=&#8221;Muuseumi toimetised&#8221; _builder_version=&#8221;4.20.4&#8243; _module_preset=&#8221;default&#8221; width=&#8221;100%&#8221; max_width=&#8221;100%&#8221; min_height=&#8221;500px&#8221; max_height=&#8221;500px&#8221; global_colors_info=&#8221;{}&#8221;][\/et_pb_image][et_pb_divider _builder_version=&#8221;4.20.4&#8243; _module_preset=&#8221;default&#8221; background_image=&#8221;https:\/\/wittenstein.ee\/wp-content\/uploads\/2023\/02\/high-school_48.png&#8221; background_size=&#8221;initial&#8221; background_position=&#8221;top_left&#8221; background_repeat=&#8221;repeat-x&#8221; custom_margin=&#8221;|380px|10px|-30vw|false|false&#8221; custom_margin_tablet=&#8221;|300px||-15vw|false|false&#8221; custom_margin_phone=&#8221;|150px||-10vw|false|false&#8221; custom_margin_last_edited=&#8221;on|phone&#8221; global_colors_info=&#8221;{}&#8221;][\/et_pb_divider][\/et_pb_column][et_pb_column type=&#8221;1_2&#8243; _builder_version=&#8221;4.20.4&#8243; _module_preset=&#8221;default&#8221; global_colors_info=&#8221;{}&#8221;][et_pb_text admin_label=&#8221;Text&#8221; _builder_version=&#8221;4.20.4&#8243; _module_preset=&#8221;default&#8221; global_colors_info=&#8221;{}&#8221;]<\/p>\n<h4><strong>J\u00e4rvamaa muuseumi toimetised II<\/strong><\/h4>\n<p>Henn Sokk (koostaja)<br \/>Ajakeskus Wittenstein\/J\u00e4rvamaa muuseum 2023<\/p>\n<p><strong>Raamatu v\u00e4ljaandmist on rahastatud kohaliku omaalgatuse programmist.\u00a0<\/strong><\/p>\n<p><strong>Hind 15\u20ac<\/strong><\/p>\n<p>Eesti iseseisvuse taastamise 30. aastap\u00e4eva eel 2021. aastal ilmus \u201eJ\u00e4rvamaa muuseumi toimetiste\u201d<br \/>esimene raamat, n\u00fc\u00fcd on valminud teine taoline artiklite kogumik. Seoses J\u00e4rvamaa muuseumi<br \/>kolimisega vanast armsaks saanud kodust Lembitu t\u00e4nav 5 uude, Tallinna t\u00e4nav 9\/11 majja<br \/>meenutavad vanas majas t\u00f6\u00f6tatud aega muuseumi endised t\u00f6\u00f6tajad. \u00dchtlasi saab teada m\u00e4luasutuse<br \/>praeguse maja ning krundi varasemast ajaloost.\u00a0 Avaldame ka Paide linna asutamis\u00fcriku ning laiale<br \/>avalikkusele uudistamiseks J\u00e4rva- maa omavalitsusjuhtide ametitunnuste (ketid) ja autasude pildid.<br \/>J\u00e4tkub J\u00e4rvamaal olnud ja n\u00fc\u00fcdseks tegevuse l\u00f5petanud asutuste tutvustamine. Rubriigis \u201eOmavalitsusjuht meenutab\u201d vaatavad kriitilise pilguga tagasi oma t\u00f6\u00f6aja r\u00f5\u00f5mudele ja muredele<br \/>\u00e4sjane linnapea Eimar Veldre, Paide pikaaegne linnapea Kersti\u00a0 Sarapuu ning Paide linnavalitsuse ja<br \/>volikogu kauaaegne sekret\u00e4r Virve Kuusik. \u00a0\u201eJ\u00e4rvamaa Muuseumi S\u00f5prade Seltsi toimetised II\u201d ilmus<br \/>t\u00e4nu paljude kodupaigast hoolivate inimeste koost\u00f6\u00f6le.<\/p>\n<p>&nbsp;<\/p>\n<p>[\/et_pb_text][\/et_pb_column][\/et_pb_row][et_pb_row column_structure=&#8221;1_2,1_2&#8243; admin_label=&#8221;T\u00fcri IX&#8221; _builder_version=&#8221;4.20.4&#8243; _module_preset=&#8221;default&#8221; global_colors_info=&#8221;{}&#8221;][et_pb_column type=&#8221;1_2&#8243; _builder_version=&#8221;4.20.4&#8243; _module_preset=&#8221;default&#8221; global_colors_info=&#8221;{}&#8221;][et_pb_text admin_label=&#8221;Text&#8221; _builder_version=&#8221;4.20.4&#8243; _module_preset=&#8221;default&#8221; global_colors_info=&#8221;{}&#8221;]<\/p>\n<h4><strong>T\u00fcri \u2013 kilde kihelkonna ja linna ajaloost IX osa<\/strong><\/h4>\n<p>Kodu-uurija ja J\u00e4rvamaa Muusemi S\u00f5prade Seltsi liikme Kaarel Aluoja koostatud raamatu 225 lehek\u00fcljel on kajastust leidnud p\u00f5nevad k\u00e4sitlused T\u00fcri l\u00e4hemast ja kaugemast minevikust. T\u00fcrilt p\u00e4rit ajaloolase \u00dclle Tarkiaineni sulest ilmunud artikkel annab \u00fclevaate T\u00fcri kihelkonna valdadest 19. saj II poolel. Koduloolane \u00dclo Ormus viib raamatulehek\u00fclgedel huvilised r\u00e4ndama m\u00f6\u00f6da Kolu m\u00f5isa ja naaberk\u00fcladega seotud kultuuriloolisi radasid. Koduloolane Merike Poljakov tutvustab ennes\u00f5jaaegseid \u00fchistuid ja seltse P\u00f5ikval.<br \/>J\u00e4rvamaa Keskraamatukogu vanemraamatukoguhoidja Eha Hilju Palm on vormistanud artikliks uurimuse T\u00fcri inimeste kogukonnast Leedus. Raamatus leiab m\u00e4lestusi T\u00fcri kooli\u00f5petajatest Edith ja August Seitamist ning v\u00e4simatust kodu-uurijast Rudolf Piiberist. Haridustegelane ja kultuuriloo hoidja Silva K\u00e4rner meenutab enda kooliaega T\u00fcri keskkoolis ning Virve Tensing \u00a0kujunemisaastaid Laupal. Meelis Burget on koostanud p\u00f5hjaliku \u00fclevaade ehitustegevusest T\u00fcril aastatel 1946 \u2013 2000. Vanavarakoguja ja koduloohuviline Kristjan M\u00e4nna artikkel annab \u00fclevaate T\u00fcri keskkooli relvaruumis leidunust. Kaarel Aluoja kirjutab T\u00fcril asunud Lenini monumendi saatusest.<\/p>\n<p>[\/et_pb_text][\/et_pb_column][et_pb_column type=&#8221;1_2&#8243; _builder_version=&#8221;4.20.4&#8243; _module_preset=&#8221;default&#8221; global_colors_info=&#8221;{}&#8221;][et_pb_image src=&#8221;https:\/\/wittenstein.ee\/wp-content\/uploads\/2023\/08\/Turi-IX.png&#8221; title_text=&#8221;T\u00fcri IX&#8221; _builder_version=&#8221;4.20.4&#8243; _module_preset=&#8221;default&#8221; width=&#8221;100%&#8221; max_width=&#8221;100%&#8221; min_height=&#8221;500px&#8221; max_height=&#8221;500px&#8221; global_colors_info=&#8221;{}&#8221;][\/et_pb_image][et_pb_divider _builder_version=&#8221;4.20.4&#8243; _module_preset=&#8221;default&#8221; background_image=&#8221;https:\/\/wittenstein.ee\/wp-content\/uploads\/2023\/02\/high-school_48.png&#8221; background_size=&#8221;initial&#8221; background_position=&#8221;top_left&#8221; background_repeat=&#8221;repeat-x&#8221; custom_margin=&#8221;|380px|10px|-30vw|false|false&#8221; custom_margin_tablet=&#8221;|300px||-15vw|false|false&#8221; custom_margin_phone=&#8221;|150px||-10vw|false|false&#8221; custom_margin_last_edited=&#8221;on|phone&#8221; global_colors_info=&#8221;{}&#8221;][\/et_pb_divider][\/et_pb_column][\/et_pb_row][et_pb_row column_structure=&#8221;1_2,1_2&#8243; admin_label=&#8221;Hesse&#8221; _builder_version=&#8221;4.20.4&#8243; _module_preset=&#8221;default&#8221; global_colors_info=&#8221;{}&#8221;][et_pb_column type=&#8221;1_2&#8243; _builder_version=&#8221;4.20.4&#8243; _module_preset=&#8221;default&#8221; global_colors_info=&#8221;{}&#8221;][et_pb_image src=&#8221;https:\/\/wittenstein.ee\/wp-content\/uploads\/2023\/08\/Hesse-scaled.jpg&#8221; title_text=&#8221;Hesse&#8221; _builder_version=&#8221;4.20.4&#8243; _module_preset=&#8221;default&#8221; width=&#8221;100%&#8221; max_width=&#8221;100%&#8221; min_height=&#8221;500px&#8221; max_height=&#8221;500px&#8221; global_colors_info=&#8221;{}&#8221;][\/et_pb_image][et_pb_divider _builder_version=&#8221;4.20.4&#8243; _module_preset=&#8221;default&#8221; background_image=&#8221;https:\/\/wittenstein.ee\/wp-content\/uploads\/2023\/02\/high-school_48.png&#8221; background_size=&#8221;initial&#8221; background_position=&#8221;top_left&#8221; background_repeat=&#8221;repeat-x&#8221; custom_margin=&#8221;|380px|10px|-30vw|false|false&#8221; custom_margin_tablet=&#8221;|300px||-15vw|false|false&#8221; custom_margin_phone=&#8221;|150px||-10vw|false|false&#8221; custom_margin_last_edited=&#8221;on|phone&#8221; global_colors_info=&#8221;{}&#8221;][\/et_pb_divider][\/et_pb_column][et_pb_column type=&#8221;1_2&#8243; _builder_version=&#8221;4.20.4&#8243; _module_preset=&#8221;default&#8221; global_colors_info=&#8221;{}&#8221;][et_pb_text admin_label=&#8221;Text&#8221; _builder_version=&#8221;4.20.4&#8243; _module_preset=&#8221;default&#8221; global_colors_info=&#8221;{}&#8221;]<\/p>\n<h4><strong>Loomingu Raamatukogu 38-40\/2022 Carl Hermann Hesse. Tema peab kasvama, mina kahanema<\/strong><br \/><strong>Paide tohtri m\u00e4lestusi<\/strong><\/h4>\n<p>Tiiu Relve (t\u00f5lija)<br \/>Kultuurileht 2022<br \/>ISBN 9789916713112<br \/>K\u00f5vak\u00f6ide, 152 lk<br \/><strong>Hind 5,70\u20ac<\/strong><\/p>\n<p>Kirjanik Hermann Hesse vanaisa Carl Hermann Hesse (1802\u20131896) s\u00fcndis Tartus, elas seal kuni \u00fclikooli l\u00f5petamiseni ja tegutses seej\u00e4rel pea kuus aastak\u00fcmmet Paides J\u00e4rva maakonnaarstina, rajas orbudekodu ning osales aktiivselt linna kultuuri- ja usuelus. Teda on kirjeldatud kui \u00e4\u00e4rmiselt elur\u00f5\u00f5msat, tarmukat, isep\u00e4ist, jumalakartlikku ja heldet inimest ning see k\u00f5ik paistab v\u00e4lja ka tema vanemas eas oma perele kirja pandud m\u00e4lestustest. Pildid lapsep\u00f5lvest, pere- ja t\u00f6\u00f6elust, reisidest ja suhtlusest m\u00f5ttekaaslastega on t\u00e4is lustlikku vunki, kannatamatut uljust ja leppimist saatuse andidega, mis pole sugugi alati magusad, ning \u00fchtlasi annavad need hea sissevaate tolleaegsesse baltisakslaste elukorraldusse. T\u00f5lkija Tiiu Relve tutvustab saates\u00f5nas l\u00e4hemalt autorit, tema aega ja ka allikmaterjale, mille p\u00f5hjal s\u00fcndis k\u00e4esolev t\u00f5lge.<\/p>\n<p>[\/et_pb_text][\/et_pb_column][\/et_pb_row][et_pb_row column_structure=&#8221;1_2,1_2&#8243; admin_label=&#8221;T\u00fcri lood s\u00f5nas ja pildis&#8221; _builder_version=&#8221;4.20.4&#8243; _module_preset=&#8221;default&#8221; global_colors_info=&#8221;{}&#8221;][et_pb_column type=&#8221;1_2&#8243; _builder_version=&#8221;4.20.4&#8243; _module_preset=&#8221;default&#8221; global_colors_info=&#8221;{}&#8221;][et_pb_text admin_label=&#8221;Text&#8221; _builder_version=&#8221;4.20.4&#8243; _module_preset=&#8221;default&#8221; global_colors_info=&#8221;{}&#8221;]<\/p>\n<h4><strong>T\u00fcri linna lood s\u00f5nas ja pildis<\/strong><\/h4>\n<p>Kaarel Aluoja (koostaja)<br \/>Ajakeskus Wittenstein\/J\u00e4rvamaa muuseum 2022<br \/>ISBN 9789949733965<br \/>Pehme k\u00f6ide, 159 lk<br \/><strong>Hind 25\u20ac<\/strong><\/p>\n<p>T\u00fcri linna p\u00f5nevaid paiku ja s\u00fcndmusi koondava raamatu koostas koduloolane ja J\u00e4rvamaa<br \/>Muuseumi S\u00f5prade Seltsi liige Kaarel Aluoja. Kaante vahele on talletatud 78 erinevat lugu T\u00fcri ajaloost. Nendest valdav enamus r\u00e4\u00e4gib T\u00fcri ajaloolistest hoonetest, mille vanus on keskeltl\u00e4bi 100 aastat: hoonete ehitamisest, omanikest, saatusest p\u00e4rast Teist maailmas\u00f5da jne. Valikus leidub ka \u00fcksikuid teisi objekte: T\u00fcri raadiomast, Vabaduss\u00f5ja sammas, T\u00fcri kiriku kuldne kukk, suusah\u00fcppetorn jms.<\/p>\n<p>[\/et_pb_text][\/et_pb_column][et_pb_column type=&#8221;1_2&#8243; _builder_version=&#8221;4.20.4&#8243; _module_preset=&#8221;default&#8221; global_colors_info=&#8221;{}&#8221;][et_pb_image src=&#8221;https:\/\/wittenstein.ee\/wp-content\/uploads\/2023\/08\/Turi-linna-lood-sonas-ja-pildis-1-scaled.jpg&#8221; title_text=&#8221;T\u00fcri linna lood s\u00f5nas ja pildis (1)&#8221; _builder_version=&#8221;4.20.4&#8243; _module_preset=&#8221;default&#8221; width=&#8221;100%&#8221; max_width=&#8221;100%&#8221; min_height=&#8221;500px&#8221; max_height=&#8221;500px&#8221; global_colors_info=&#8221;{}&#8221;][\/et_pb_image][et_pb_divider _builder_version=&#8221;4.20.4&#8243; _module_preset=&#8221;default&#8221; background_image=&#8221;https:\/\/wittenstein.ee\/wp-content\/uploads\/2023\/02\/high-school_48.png&#8221; background_size=&#8221;initial&#8221; background_position=&#8221;top_left&#8221; background_repeat=&#8221;repeat-x&#8221; custom_margin=&#8221;|380px|10px|-30vw|false|false&#8221; custom_margin_tablet=&#8221;|300px||-15vw|false|false&#8221; custom_margin_phone=&#8221;|150px||-10vw|false|false&#8221; custom_margin_last_edited=&#8221;on|phone&#8221; global_colors_info=&#8221;{}&#8221;][\/et_pb_divider][\/et_pb_column][\/et_pb_row][et_pb_row column_structure=&#8221;1_2,1_2&#8243; admin_label=&#8221;Muuseumi toimetised I&#8221; _builder_version=&#8221;4.20.4&#8243; _module_preset=&#8221;default&#8221; global_colors_info=&#8221;{}&#8221;][et_pb_column type=&#8221;1_2&#8243; _builder_version=&#8221;4.20.4&#8243; _module_preset=&#8221;default&#8221; global_colors_info=&#8221;{}&#8221;][et_pb_text admin_label=&#8221;Text&#8221; _builder_version=&#8221;4.20.4&#8243; _module_preset=&#8221;default&#8221; global_colors_info=&#8221;{}&#8221;]<\/p>\n<h4><strong>J\u00e4rvamaa muuseumi toimetised I<\/strong><\/h4>\n<p>Henn Sokk (koostaja)<br \/>Ajakeskus Wittenstein\/J\u00e4rvamaa muuseum 2021<br \/>ISBN 9789949733934<br \/>K\u00f5vak\u00f6ide, 133 lk<br \/><strong>Hind 10\u20ac<\/strong><\/p>\n<p>J\u00e4rvamaa muuseum on Eesti vanimaid piirkonnamuuseume. Baltisakslaste initsiatiivil asutatud J\u00e4rvamaa Muinasasjade Alalhoidmise Seltsi muuseumi k\u00fclalisraamatusse tehti esimene sissekanne 31. juulil 1905. aastal. Seda p\u00e4eva loeme praeguse muuseumi ametliku tegevuse algusajaks. 2013. aastast Ajakeskus Wittenstein struktuuri\u00fcksusena tegutsenud m\u00e4luasutuse eesm\u00e4rk on J\u00e4rvamaaga seotud p\u00e4randi kogumine, s\u00e4ilitamine ja tutvustamine. Rohkem kui aastasaja jooksul on loodud m\u00e4luasutuse varamu, kus on \u00fcle 78000 s\u00e4iliku. Aukartust\u00e4ratav kogu on andnud ainest ka k\u00e4esoleva raamatusarja s\u00fcnnile. J\u00e4rvamaa Muuseumi S\u00f5prade Seltsi eestv\u00f5ttel on t\u00e4itunud muuseumi kauaaegne soov j\u00f5uda oma toimetiste v\u00e4ljaandmiseni. Teie ees on esimene k\u00f6ide J\u00e4rvamaa p\u00e4randit s\u00fcdames kandvate autorite uurimustest.<\/p>\n<p>[\/et_pb_text][\/et_pb_column][et_pb_column type=&#8221;1_2&#8243; _builder_version=&#8221;4.20.4&#8243; _module_preset=&#8221;default&#8221; global_colors_info=&#8221;{}&#8221;][et_pb_image src=&#8221;https:\/\/wittenstein.ee\/wp-content\/uploads\/2023\/08\/Jarvamaa-muuseumi-toimetised-I-scaled.jpg&#8221; title_text=&#8221;J\u00e4rvamaa muuseumi toimetised I&#8221; _builder_version=&#8221;4.20.4&#8243; _module_preset=&#8221;default&#8221; width=&#8221;100%&#8221; max_width=&#8221;100%&#8221; min_height=&#8221;500px&#8221; max_height=&#8221;500px&#8221; global_colors_info=&#8221;{}&#8221;][\/et_pb_image][et_pb_divider _builder_version=&#8221;4.20.4&#8243; _module_preset=&#8221;default&#8221; background_image=&#8221;https:\/\/wittenstein.ee\/wp-content\/uploads\/2023\/02\/high-school_48.png&#8221; background_size=&#8221;initial&#8221; background_position=&#8221;top_left&#8221; background_repeat=&#8221;repeat-x&#8221; custom_margin=&#8221;|380px|10px|-30vw|false|false&#8221; custom_margin_tablet=&#8221;|300px||-15vw|false|false&#8221; custom_margin_phone=&#8221;|150px||-10vw|false|false&#8221; custom_margin_last_edited=&#8221;on|phone&#8221; global_colors_info=&#8221;{}&#8221;][\/et_pb_divider][\/et_pb_column][\/et_pb_row][et_pb_row column_structure=&#8221;1_2,1_2&#8243; admin_label=&#8221;Viidalepa vested&#8221; _builder_version=&#8221;4.20.4&#8243; _module_preset=&#8221;default&#8221; global_colors_info=&#8221;{}&#8221;][et_pb_column type=&#8221;1_2&#8243; _builder_version=&#8221;4.20.4&#8243; _module_preset=&#8221;default&#8221; global_colors_info=&#8221;{}&#8221;][et_pb_image src=&#8221;https:\/\/wittenstein.ee\/wp-content\/uploads\/2023\/08\/Viidalepa-vested-scaled.jpg&#8221; title_text=&#8221;Viidalepa vested&#8221; _builder_version=&#8221;4.20.4&#8243; _module_preset=&#8221;default&#8221; width=&#8221;100%&#8221; max_width=&#8221;100%&#8221; min_height=&#8221;500px&#8221; max_height=&#8221;500px&#8221; global_colors_info=&#8221;{}&#8221;][\/et_pb_image][et_pb_divider _builder_version=&#8221;4.20.4&#8243; _module_preset=&#8221;default&#8221; background_image=&#8221;https:\/\/wittenstein.ee\/wp-content\/uploads\/2023\/02\/high-school_48.png&#8221; background_size=&#8221;initial&#8221; background_position=&#8221;top_left&#8221; background_repeat=&#8221;repeat-x&#8221; custom_margin=&#8221;|380px|10px|-30vw|false|false&#8221; custom_margin_tablet=&#8221;|300px||-15vw|false|false&#8221; custom_margin_phone=&#8221;|150px||-10vw|false|false&#8221; custom_margin_last_edited=&#8221;on|phone&#8221; global_colors_info=&#8221;{}&#8221;][\/et_pb_divider][\/et_pb_column][et_pb_column type=&#8221;1_2&#8243; _builder_version=&#8221;4.20.4&#8243; _module_preset=&#8221;default&#8221; global_colors_info=&#8221;{}&#8221;][et_pb_text admin_label=&#8221;Text&#8221; _builder_version=&#8221;4.20.4&#8243; _module_preset=&#8221;default&#8221; global_colors_info=&#8221;{}&#8221;]<\/p>\n<h4><strong>Viidalepa vested<\/strong><\/h4>\n<p>Tiiu Saarist (koostaja)<br \/>Akriibia 2021<br \/>ISBN 9789949734245<br \/>K\u00f5vak\u00f6ide, 176 lk<br \/><strong>Hind 22\u20ac<\/strong><\/p>\n<p>Raamat \u201cViidalepa vested\u201d on Paides sirgunud maalikunstnik Ants Viidalepa m\u00e4lestustest, mis \u00fcllitati tema 100. s\u00fcnniaastap\u00e4evaks.Tekstid on salvestatud 1994. aasta kevadtalvel Viidalepa Tallinna ateljees ning kassettidelt kogu ulatuses digitaliseeritud ja paberile pandud aastail 2015\u20132020. Raamatust saab teada, millest sai inspiratsiooni Viidalepa elut\u00f6\u00f6 \u2013 maal \u201cPaide laadad\u201d.\u00a0 Autor on ise \u00f6elnud, et idee oli j\u00e4\u00e4dvustada lapsep\u00f5lve laadam\u00e4lestused ajalukku.<br \/>Kogumikus on isa Antsu \u00f5petused \u2013 kaasavara kogu eluks pojale ja t\u00fctrele koos lustaka<br \/>illustratsiooniga, mille autor on raamatute illustraator ja kunstnik Maria Viidalepp-Hugosson ning palju kaasat\u00f5mbavaid lugusid 1930ndate elust Paides.<br \/>Raamat koosneb 20 erinevast peat\u00fckist, illustreeritud kunstniku maalide, illustratsioonide ja fotodega tema perealbumist.<br \/>Viidalepa vested raamatul on ajalooline v\u00e4\u00e4rtus, lugeda on kerge ja huvitav, mida k\u00f5ike 30ndatel Paides ka ei toimunud. Kunagise J\u00e4rvamaa muuseumi juhataja, praegu Paide muusika- ja teatrimaja teabetoa perenaise Tiiu Saaristi viis aastat kestnud t\u00f6\u00f6 Paidest p\u00e4rit kunstniku Ants Viidalepa vestete raamatuks vormimisel on saanud kunstniku 100. s\u00fcnniaastap\u00e4eva eel valmis. Tiiu Saarist on ka hiljem kuulanud Ants Viidalepa lugusid 1930ndate Paidest, mis on kohati \u00fcsna samad, mis praegusajal juhtub. 25 aastat tagasi tekkis tal m\u00f5te need lood j\u00e4\u00e4dvustada. \u201eEsialgu oli tugev vastuseis, enne kuni Ants l\u00f5puks \u00fctles, et teeme siis selle asja \u00e4ra. Olin kokkulepitud aegadel tema stuudios, v\u00e4ike magnetofon n\u00e4pus. Mind ootasid m\u00f5nus kohv ja v\u00f5ileivad,\u201c lausus ta. \u201eKui esimesed maailma asjad ja uudised arutatud, mida ta lindistada ei lubanud, kuid midagi neist on siiski raamatus kirjas, tulid lood ka helilindile.\u201c<\/p>\n<p>[\/et_pb_text][\/et_pb_column][\/et_pb_row][et_pb_row column_structure=&#8221;1_2,1_2&#8243; admin_label=&#8221;M\u00e4lestusi Eesti iseseisvuse taastamise ajast<br \/>\n&#8221; _builder_version=&#8221;4.20.4&#8243; _module_preset=&#8221;default&#8221; global_colors_info=&#8221;{}&#8221;][et_pb_column type=&#8221;1_2&#8243; _builder_version=&#8221;4.20.4&#8243; _module_preset=&#8221;default&#8221; global_colors_info=&#8221;{}&#8221;][et_pb_text admin_label=&#8221;Text&#8221; _builder_version=&#8221;4.20.4&#8243; _module_preset=&#8221;default&#8221; global_colors_info=&#8221;{}&#8221;]<\/p>\n<h4><strong>M\u00e4lestusi Eesti iseseisvuse taastamise ajast<\/strong><\/h4>\n<p>Henn Sokk (koostaja)<br \/>Ajakeskus Wittenstein\/J\u00e4rvamaa muuseum 2021<br \/>ISBN 9789949733958<br \/>K\u00f5vak\u00f6ide, 128 lk<br \/><strong>Hind 10\u20ac<\/strong><\/p>\n<p>Raamat annab \u00fclevaate Eesti omariikluse taastamise protsessist J\u00e4rvamaal toimunud<br \/>tegevuste n\u00e4itel. P\u00f6\u00f6relistele aegadele vaatavad tagasi Arvo Adelbert, Kalju Arpo, J\u00fcri<br \/>Ellram, Urmas Glase, Andres Jalak, Uudo Kalamann, Reet Kaljula, Villem Kelgo, Ants<br \/>K\u00e4\u00e4rma, Andrus Leis, Eha Mikola, Tiina Sarv, Rein Zeemann, Neeme V\u00e4li ja Henn Sokk,<\/p>\n<p>[\/et_pb_text][\/et_pb_column][et_pb_column type=&#8221;1_2&#8243; _builder_version=&#8221;4.20.4&#8243; _module_preset=&#8221;default&#8221; global_colors_info=&#8221;{}&#8221;][et_pb_image src=&#8221;https:\/\/wittenstein.ee\/wp-content\/uploads\/2023\/08\/Malestusi-Eesti-iseseisvuse-taastamise-ajast-scaled.jpg&#8221; title_text=&#8221;M\u00e4lestusi Eesti iseseisvuse taastamise ajast&#8221; _builder_version=&#8221;4.20.4&#8243; _module_preset=&#8221;default&#8221; width=&#8221;100%&#8221; max_width=&#8221;100%&#8221; min_height=&#8221;500px&#8221; max_height=&#8221;500px&#8221; global_colors_info=&#8221;{}&#8221;][\/et_pb_image][et_pb_divider _builder_version=&#8221;4.20.4&#8243; _module_preset=&#8221;default&#8221; background_image=&#8221;https:\/\/wittenstein.ee\/wp-content\/uploads\/2023\/02\/high-school_48.png&#8221; background_size=&#8221;initial&#8221; background_position=&#8221;top_left&#8221; background_repeat=&#8221;repeat-x&#8221; custom_margin=&#8221;|380px|10px|-30vw|false|false&#8221; custom_margin_tablet=&#8221;|300px||-15vw|false|false&#8221; custom_margin_phone=&#8221;|150px||-10vw|false|false&#8221; custom_margin_last_edited=&#8221;on|phone&#8221; global_colors_info=&#8221;{}&#8221;][\/et_pb_divider][\/et_pb_column][\/et_pb_row][et_pb_row column_structure=&#8221;1_2,1_2&#8243; admin_label=&#8221;T\u00fcri VIII&#8221; _builder_version=&#8221;4.20.4&#8243; _module_preset=&#8221;default&#8221; global_colors_info=&#8221;{}&#8221;][et_pb_column type=&#8221;1_2&#8243; _builder_version=&#8221;4.20.4&#8243; _module_preset=&#8221;default&#8221; global_colors_info=&#8221;{}&#8221;][et_pb_image src=&#8221;https:\/\/wittenstein.ee\/wp-content\/uploads\/2023\/08\/Turi-VIII-scaled.jpg&#8221; title_text=&#8221;T\u00fcri VIII&#8221; _builder_version=&#8221;4.20.4&#8243; _module_preset=&#8221;default&#8221; width=&#8221;100%&#8221; max_width=&#8221;100%&#8221; min_height=&#8221;500px&#8221; max_height=&#8221;500px&#8221; global_colors_info=&#8221;{}&#8221;][\/et_pb_image][et_pb_divider _builder_version=&#8221;4.20.4&#8243; _module_preset=&#8221;default&#8221; background_image=&#8221;https:\/\/wittenstein.ee\/wp-content\/uploads\/2023\/02\/high-school_48.png&#8221; background_size=&#8221;initial&#8221; background_position=&#8221;top_left&#8221; background_repeat=&#8221;repeat-x&#8221; custom_margin=&#8221;|380px|10px|-30vw|false|false&#8221; custom_margin_tablet=&#8221;|300px||-15vw|false|false&#8221; custom_margin_phone=&#8221;|150px||-10vw|false|false&#8221; custom_margin_last_edited=&#8221;on|phone&#8221; global_colors_info=&#8221;{}&#8221;][\/et_pb_divider][\/et_pb_column][et_pb_column type=&#8221;1_2&#8243; _builder_version=&#8221;4.20.4&#8243; _module_preset=&#8221;default&#8221; global_colors_info=&#8221;{}&#8221;][et_pb_text admin_label=&#8221;Text&#8221; _builder_version=&#8221;4.20.4&#8243; _module_preset=&#8221;default&#8221; global_colors_info=&#8221;{}&#8221;]<\/p>\n<h4><strong>T\u00fcri: kilde kihelkonna ja linna arengust. VIII osa<\/strong><\/h4>\n<p>Kaarel Aluoja (koostaja)<br \/>Ajakeskus Wittenstein\/J\u00e4rvamaa muuseum 2021<br \/>ISBN 9789949733941<br \/>Liimk\u00f6ide, 216 lk<br \/><strong>Hind 10\u20ac<\/strong><\/p>\n<p>Koguteose peatoimetaja Kaarel Aluoja selgitusel koosneb v\u00e4ljaanne 16 artiklist, mis k\u00e4sitlevad T\u00fcri piirkonna elu ja arengut alates mitme sajandi tagusest perioodist kuni kaasajani. T\u00fcri kihelkonna ajalugu 17. sajandil kirjeldab ajaloolase \u00dclle Tarkiaineni artikkel. Koguteosest leiab ka Vilita k\u00fcla (Valdek Valkenklau m\u00e4lestused) ning P\u00f5ikva piirkonnaga (Merike Poljakovi kaast\u00f6\u00f6) seotud lugusid. Raamatusarja kaheksandas osas on p\u00f5hjalikumat revideerimist leidnud T\u00fcri linna majandustegevus. Jaan Kaldasau on kirjeldanud T\u00fcri linna toimimist 1930ndate majanduskriisi ajal. T\u00fcri linna pankrotist saab lugeda Kaarel Aluoja artiklist. T\u00fcri linna rahanduse ja eelarve \u00fclesehitamist aastatel 1990 \u2013 2000 tutvustab asjaosalise T\u00e4hve Milti p\u00f5nev kaast\u00f6\u00f6. Kirja on saanud meenutused seoses T\u00fcri raadiosaatejaamaga aastatel 1941 1944 (Ants Kajandi), T\u00fcri tehnikumi aianduse luigelend (Mati Tamm) ning S\u00e4revere spordi lugu (Toomas \u0160adeiko). Raamatust saab \u00fclevaate T\u00fcri bussijaamast suurematesse linnadesse s\u00f5itmise v\u00f5imalustest (Martin Tampuu), Tolli 62 asuva koolimaja saamisloost (Stenver Lipand), T\u00fcri tehisj\u00e4rve saamisloost (Kaarel Aluoja) ning t\u0161ekistide tegevusest endises Kirna vallas (Heino T\u00f5nism\u00e4gi). K\u00e4esoleval aastal m\u00f6\u00f6dub 80 aastat juunik\u00fc\u00fcditamisest. Seet\u00f5ttu leiab kogumikust Liina L\u00f5hmuse vahendusel tema ema Tiiu Tiitsmaa k\u00fc\u00fcdiloo.<\/p>\n<p>[\/et_pb_text][\/et_pb_column][\/et_pb_row][et_pb_row column_structure=&#8221;1_2,1_2&#8243; admin_label=&#8221;T\u00fcri VII&#8221; _builder_version=&#8221;4.20.4&#8243; _module_preset=&#8221;default&#8221; global_colors_info=&#8221;{}&#8221;][et_pb_column type=&#8221;1_2&#8243; _builder_version=&#8221;4.20.4&#8243; _module_preset=&#8221;default&#8221; global_colors_info=&#8221;{}&#8221;][et_pb_text admin_label=&#8221;Text&#8221; _builder_version=&#8221;4.20.4&#8243; _module_preset=&#8221;default&#8221; global_colors_info=&#8221;{}&#8221;]<\/p>\n<h4><strong>T\u00fcri : kilde kihelkonna ja linna arengust. VII osa<\/strong><\/h4>\n<p>Kaarel Aluoja (koostaja)<br \/>Ajakeskus Wittenstein\/J\u00e4rvamaa muuseum 2020<br \/>ISBN 9789949733927<br \/>Liimk\u00f6ide, 240 lk<br \/><strong>Hind 10\u20ac<\/strong><\/p>\n<p>V\u00e4ljaanne koosneb 15 artiklist, mis k\u00e4sitlevad T\u00fcri piirkonna elu ja arengut alates mitme sajandi tagusest perioodist kuni kaasajani. Kajastamist leiab T\u00fcri-Alliku m\u00f5isa lugu, T\u00fcri P\u00fcha Martini koguduse k\u00f6strite ja organistide kiriku-, muusika- ja haridusalane tegevus.<br \/>P\u00f5hjalikult on lahatud T\u00fcri linnaks kasvamise ja saamise lugu. Kirja on saanud t\u00e4helepanekud T\u00fcri linnas paiknevast Tanka k\u00fclast. Raamatust saab \u00fclevaate Retla rahvaraamatukogu kujunemisest Oisu raamatukoguks ning T\u00fcri \u00fcmbruskonna haridusv\u00f5rgust 1939\/1940 \u00f5ppeaastal. Persoonilugudena k\u00e4sitletakse kirjamees Jaan Lintropi ning v\u00e4rvikaupmees Langi tegevust. Lisaks leiab raamatust \u00fclevaate T\u00fcri kaubandustegevuse arenguloost.<\/p>\n<p>[\/et_pb_text][\/et_pb_column][et_pb_column type=&#8221;1_2&#8243; _builder_version=&#8221;4.20.4&#8243; _module_preset=&#8221;default&#8221; global_colors_info=&#8221;{}&#8221;][et_pb_image src=&#8221;https:\/\/wittenstein.ee\/wp-content\/uploads\/2023\/08\/Turi-VII-scaled.jpg&#8221; title_text=&#8221;T\u00fcri VII&#8221; _builder_version=&#8221;4.20.4&#8243; _module_preset=&#8221;default&#8221; width=&#8221;100%&#8221; max_width=&#8221;100%&#8221; min_height=&#8221;500px&#8221; max_height=&#8221;500px&#8221; global_colors_info=&#8221;{}&#8221;][\/et_pb_image][et_pb_divider _builder_version=&#8221;4.20.4&#8243; _module_preset=&#8221;default&#8221; background_image=&#8221;https:\/\/wittenstein.ee\/wp-content\/uploads\/2023\/02\/high-school_48.png&#8221; background_size=&#8221;initial&#8221; background_position=&#8221;top_left&#8221; background_repeat=&#8221;repeat-x&#8221; custom_margin=&#8221;|380px|10px|-30vw|false|false&#8221; custom_margin_tablet=&#8221;|300px||-15vw|false|false&#8221; custom_margin_phone=&#8221;|150px||-10vw|false|false&#8221; custom_margin_last_edited=&#8221;on|phone&#8221; global_colors_info=&#8221;{}&#8221;][\/et_pb_divider][\/et_pb_column][\/et_pb_row][et_pb_row column_structure=&#8221;1_2,1_2&#8243; admin_label=&#8221;\u00c4ra&#8221; _builder_version=&#8221;4.20.4&#8243; _module_preset=&#8221;default&#8221; global_colors_info=&#8221;{}&#8221;][et_pb_column type=&#8221;1_2&#8243; _builder_version=&#8221;4.20.4&#8243; _module_preset=&#8221;default&#8221; global_colors_info=&#8221;{}&#8221;][et_pb_image src=&#8221;https:\/\/wittenstein.ee\/wp-content\/uploads\/2023\/08\/ARA-scaled.jpg&#8221; title_text=&#8221;\u00c4RA&#8221; _builder_version=&#8221;4.20.4&#8243; _module_preset=&#8221;default&#8221; width=&#8221;100%&#8221; max_width=&#8221;100%&#8221; min_height=&#8221;500px&#8221; max_height=&#8221;500px&#8221; global_colors_info=&#8221;{}&#8221;][\/et_pb_image][et_pb_divider _builder_version=&#8221;4.20.4&#8243; _module_preset=&#8221;default&#8221; background_image=&#8221;https:\/\/wittenstein.ee\/wp-content\/uploads\/2023\/02\/high-school_48.png&#8221; background_size=&#8221;initial&#8221; background_position=&#8221;top_left&#8221; background_repeat=&#8221;repeat-x&#8221; custom_margin=&#8221;|380px|10px|-30vw|false|false&#8221; custom_margin_tablet=&#8221;|300px||-15vw|false|false&#8221; custom_margin_phone=&#8221;|150px||-10vw|false|false&#8221; custom_margin_last_edited=&#8221;on|phone&#8221; global_colors_info=&#8221;{}&#8221;][\/et_pb_divider][\/et_pb_column][et_pb_column type=&#8221;1_2&#8243; _builder_version=&#8221;4.20.4&#8243; _module_preset=&#8221;default&#8221; global_colors_info=&#8221;{}&#8221;][et_pb_text admin_label=&#8221;Text&#8221; _builder_version=&#8221;4.20.4&#8243; _module_preset=&#8221;default&#8221; global_colors_info=&#8221;{}&#8221;]<\/p>\n<h4><strong>\u00c4RA : 34 J\u00e4rvamaa pere Siberi-tee<\/strong><\/h4>\n<p>Kaarel Aluoja (koostaja)<br \/>Ajakeskus Wittenstein\/J\u00e4rvamaa muuseum 2019<br \/>ISBN 978-9949-733-90-3<br \/>K\u00f5vak\u00f6ide, 335 lk<br \/><strong>Hind 20\u20ac<\/strong><\/p>\n<p>J\u00e4rvamaa Muuseumi S\u00f5prade Seltsi liige, koolijuht, ajakirjanik ja koduloolane Kaarel Aluoja on aastak\u00fcmneid kogunud j\u00e4rvalaste k\u00fc\u00fcdilugusid. K\u00e4esolevas kogumikus leiab 34 J\u00e4rvamaaga seotud k\u00fc\u00fcdilugu ning siinsete perede saatusest n\u00f5ukogude okupatsiooni haardes. Eestis toimepandud v\u00f5\u00f5rv\u00f5imu kuriteod, isegi kui need j\u00e4\u00e4vad aega ligi kolmveerand sajandit tagasi, vajavad meenutamist. Nende lugude teadmine aitab meil m\u00f5ista, kui v\u00e4\u00e4rtuslik on vaba ja iseseisev Eesti.<\/p>\n<p>[\/et_pb_text][\/et_pb_column][\/et_pb_row][et_pb_row column_structure=&#8221;1_2,1_2&#8243; admin_label=&#8221;Mustrid&#8221; _builder_version=&#8221;4.20.4&#8243; _module_preset=&#8221;default&#8221; global_colors_info=&#8221;{}&#8221;][et_pb_column type=&#8221;1_2&#8243; _builder_version=&#8221;4.20.4&#8243; _module_preset=&#8221;default&#8221; global_colors_info=&#8221;{}&#8221;][et_pb_text admin_label=&#8221;Text&#8221; _builder_version=&#8221;4.20.4&#8243; _module_preset=&#8221;default&#8221; global_colors_info=&#8221;{}&#8221;]<\/p>\n<h4><strong>V\u00e4ikese linna suured mustrid : raamat Paide ajaloolistest interj\u00f6\u00f6ridest<\/strong><\/h4>\n<p>Karen Klandorf, Kristiina Ribelus, Viljar Vissel<br \/>MT\u00dc S\u00e4\u00e4stva Renoveerimise Infokeskuse Paide \u00dchendus 2019<br \/>ISBN 978-9949-7268-9-9<br \/>K\u00f5vak\u00f6ide, 155 lk<br \/><strong>Hind 24\u20ac<\/strong><br \/>Paide linnakodu interj\u00f6\u00f6ri ajalugu on \u00fchtlasi tapeediajalugu &#8211; lummavaid mustreid on Paide vanadest majadest p\u00e4evavalgele tulnud lugematul hulgal, millest paremik on koondatud v\u00e4rskelt valminud raamatu kaante vahele. P\u00e4rast selle meelik\u00f6itva kollektsiooniga tutvumist ei paista \u00fckski vana foto enam must-valgena. Ajaloolised interj\u00f6\u00f6rid jutustavad selles raamatus k\u00f6itva loo, mille peategelasteks on mustrid.<br \/>Raamatu n\u00e4ol on tegemist tapeediaabitsaga, kust lisaks mustritele ja ajaloolistele interj\u00f6\u00f6rifotodele leiab \u00fclevaate tapeediajaloost. Tapeedimustrid on dateeritud &#8211; analoogiatele, stiilikriitikale ning leiukontekstile tuginedes k\u00fcmnenditesse jaotatud, mis v\u00f5imaldab tr\u00fckist kasutada abivahendina nii interj\u00f6\u00f6ride kujundamisel kui ka uurimisel.<\/p>\n<p>[\/et_pb_text][\/et_pb_column][et_pb_column type=&#8221;1_2&#8243; _builder_version=&#8221;4.20.4&#8243; _module_preset=&#8221;default&#8221; global_colors_info=&#8221;{}&#8221;][et_pb_image src=&#8221;https:\/\/wittenstein.ee\/wp-content\/uploads\/2023\/08\/Vaikese-linna-suured-mustrid-scaled.jpg&#8221; title_text=&#8221;V\u00e4ikese linna suured mustrid&#8221; _builder_version=&#8221;4.20.4&#8243; _module_preset=&#8221;default&#8221; width=&#8221;100%&#8221; max_width=&#8221;100%&#8221; min_height=&#8221;500px&#8221; max_height=&#8221;500px&#8221; global_colors_info=&#8221;{}&#8221;][\/et_pb_image][et_pb_divider _builder_version=&#8221;4.20.4&#8243; _module_preset=&#8221;default&#8221; background_image=&#8221;https:\/\/wittenstein.ee\/wp-content\/uploads\/2023\/02\/high-school_48.png&#8221; background_size=&#8221;initial&#8221; background_position=&#8221;top_left&#8221; background_repeat=&#8221;repeat-x&#8221; custom_margin=&#8221;|380px|10px|-30vw|false|false&#8221; custom_margin_tablet=&#8221;|300px||-15vw|false|false&#8221; custom_margin_phone=&#8221;|150px||-10vw|false|false&#8221; custom_margin_last_edited=&#8221;on|phone&#8221; global_colors_info=&#8221;{}&#8221;][\/et_pb_divider][\/et_pb_column][\/et_pb_row][et_pb_row column_structure=&#8221;1_2,1_2&#8243; admin_label=&#8221;Sajand J\u00e4rvamaa valitsemisloos&#8221; _builder_version=&#8221;4.20.4&#8243; _module_preset=&#8221;default&#8221; global_colors_info=&#8221;{}&#8221;][et_pb_column type=&#8221;1_2&#8243; _builder_version=&#8221;4.20.4&#8243; _module_preset=&#8221;default&#8221; global_colors_info=&#8221;{}&#8221;][et_pb_image src=&#8221;https:\/\/wittenstein.ee\/wp-content\/uploads\/2023\/08\/Sajand-Jarvamaa-valitsemise-ajaloos.jpg&#8221; title_text=&#8221;Sajand J\u00e4rvamaa valitsemise ajaloos&#8221; _builder_version=&#8221;4.20.4&#8243; _module_preset=&#8221;default&#8221; width=&#8221;100%&#8221; max_width=&#8221;100%&#8221; min_height=&#8221;500px&#8221; max_height=&#8221;500px&#8221; global_colors_info=&#8221;{}&#8221;][\/et_pb_image][et_pb_divider _builder_version=&#8221;4.20.4&#8243; _module_preset=&#8221;default&#8221; background_image=&#8221;https:\/\/wittenstein.ee\/wp-content\/uploads\/2023\/02\/high-school_48.png&#8221; background_size=&#8221;initial&#8221; background_position=&#8221;top_left&#8221; background_repeat=&#8221;repeat-x&#8221; custom_margin=&#8221;|380px|10px|-30vw|false|false&#8221; custom_margin_tablet=&#8221;|300px||-15vw|false|false&#8221; custom_margin_phone=&#8221;|150px||-10vw|false|false&#8221; custom_margin_last_edited=&#8221;on|phone&#8221; global_colors_info=&#8221;{}&#8221;][\/et_pb_divider][\/et_pb_column][et_pb_column type=&#8221;1_2&#8243; _builder_version=&#8221;4.20.4&#8243; _module_preset=&#8221;default&#8221; global_colors_info=&#8221;{}&#8221;][et_pb_text admin_label=&#8221;Text&#8221; _builder_version=&#8221;4.20.4&#8243; _module_preset=&#8221;default&#8221; global_colors_info=&#8221;{}&#8221;]<\/p>\n<h4><strong>Sajand J\u00e4rvamaa valitsemise ajaloos<\/strong><\/h4>\n<p>Henn Sokk (koostaja)<br \/>Ajakeskus Wittenstein\/J\u00e4rvamaa muuseum 2019<br \/>ISBN 9789949733910<br \/>K\u00f5vak\u00f6ide, 143 lk<br \/><strong>Hind 12\u20ac<\/strong><\/p>\n<p>Raamat \u201eSajand J\u00e4rvamaa valitsemise ajaloos\u201c on p\u00fchendatud Eesti vabariigi ja praeguseks juba tegevuse l\u00f5petanud J\u00e4rvamaa maavalitsuse ajaloole. Tr\u00fckis on p\u00fchendatud k\u00f5igile neile, kes Eesti riigi l\u00f5id, selle taastasid ja seda arendavad.<\/p>\n<p>[\/et_pb_text][\/et_pb_column][\/et_pb_row][et_pb_row column_structure=&#8221;1_2,1_2&#8243; admin_label=&#8221;J\u00e4rvamaa kaitsepataljon&#8221; _builder_version=&#8221;4.20.4&#8243; _module_preset=&#8221;default&#8221; global_colors_info=&#8221;{}&#8221;][et_pb_column type=&#8221;1_2&#8243; _builder_version=&#8221;4.20.4&#8243; _module_preset=&#8221;default&#8221; global_colors_info=&#8221;{}&#8221;][et_pb_text admin_label=&#8221;Text&#8221; _builder_version=&#8221;4.20.4&#8243; _module_preset=&#8221;default&#8221; global_colors_info=&#8221;{}&#8221;]<\/p>\n<h4><strong>J\u00e4rvamaa Kaitsepataljon Vabaduss\u00f5jas<\/strong><\/h4>\n<p>Henn Sokk (koostaja)<br \/>Ajakeskus Wittenstein\/J\u00e4rvamaa muuseum 2018<br \/>ISBN 9789949889242<br \/>K\u00f5vak\u00f6ide, 160 lk<\/p>\n<p><strong>Hind 12\u20ac<\/strong><\/p>\n<p>Tegemist on autori kolmanda Vabaduss\u00f5ja ainelise raamatuga, mis k\u00e4sitleb j\u00e4rvalaste rolli Eesti omariikluse kaitsmise loos. Raamatu \u201eJ\u00e4rvamaa Kaitsepataljon Vabaduss\u00f5jas&amp;quot; sisuline eesm\u00e4rk on koos varemilmunud raamatutega &amp;quot;Paide kooli\u00f5pilased Vabaduss\u00f5jas&amp;quot; ja &amp;quot;J\u00e4rvamaa Eesti Kaitse Liit Vabaduss\u00f5ja ajal&amp;quot; anda \u00fclevaade Vabaduss\u00f5ja ajal J\u00e4rvamaal valitsenud olukorrast ja rahva meelolust. Elava sissevaate saab J\u00e4rva Maakonnavalitsuse tegevusest kaitsepataljoni organiseerimisest, eestlaste kaitsetahte t\u00f5stmisest ja oma kaitsev\u00e4e loomisest. J\u00e4rvamaa Kaitsepataljoni formeerimise tulemusel j\u00e4i Paide vaenlasel vallutamata ja raudtee kaitsmisega tagati omariikluse kestmine Vabaduss\u00f5ja ajal.<\/p>\n<p>[\/et_pb_text][\/et_pb_column][et_pb_column type=&#8221;1_2&#8243; _builder_version=&#8221;4.20.4&#8243; _module_preset=&#8221;default&#8221; global_colors_info=&#8221;{}&#8221;][et_pb_image src=&#8221;https:\/\/wittenstein.ee\/wp-content\/uploads\/2023\/08\/Jarvamaa-Kaitsepataljon-Vabadussojas.jpg&#8221; title_text=&#8221;J\u00e4rvamaa Kaitsepataljon Vabaduss\u00f5jas&#8221; _builder_version=&#8221;4.20.4&#8243; _module_preset=&#8221;default&#8221; width=&#8221;100%&#8221; max_width=&#8221;100%&#8221; min_height=&#8221;500px&#8221; max_height=&#8221;500px&#8221; global_colors_info=&#8221;{}&#8221;][\/et_pb_image][et_pb_divider _builder_version=&#8221;4.20.4&#8243; _module_preset=&#8221;default&#8221; background_image=&#8221;https:\/\/wittenstein.ee\/wp-content\/uploads\/2023\/02\/high-school_48.png&#8221; background_size=&#8221;initial&#8221; background_position=&#8221;top_left&#8221; background_repeat=&#8221;repeat-x&#8221; custom_margin=&#8221;|380px|10px|-30vw|false|false&#8221; custom_margin_tablet=&#8221;|300px||-15vw|false|false&#8221; custom_margin_phone=&#8221;|150px||-10vw|false|false&#8221; custom_margin_last_edited=&#8221;on|phone&#8221; global_colors_info=&#8221;{}&#8221;][\/et_pb_divider][\/et_pb_column][\/et_pb_row][et_pb_row column_structure=&#8221;1_2,1_2&#8243; admin_label=&#8221;Maavanem meenutab&#8221; _builder_version=&#8221;4.20.4&#8243; _module_preset=&#8221;default&#8221; global_colors_info=&#8221;{}&#8221;][et_pb_column type=&#8221;1_2&#8243; _builder_version=&#8221;4.20.4&#8243; _module_preset=&#8221;default&#8221; global_colors_info=&#8221;{}&#8221;][et_pb_image src=&#8221;https:\/\/wittenstein.ee\/wp-content\/uploads\/2023\/08\/Maavanem-meenutab.jpg&#8221; title_text=&#8221;Maavanem meenutab&#8221; _builder_version=&#8221;4.20.4&#8243; _module_preset=&#8221;default&#8221; width=&#8221;100%&#8221; max_width=&#8221;100%&#8221; min_height=&#8221;500px&#8221; max_height=&#8221;500px&#8221; global_colors_info=&#8221;{}&#8221;][\/et_pb_image][et_pb_divider _builder_version=&#8221;4.20.4&#8243; _module_preset=&#8221;default&#8221; background_image=&#8221;https:\/\/wittenstein.ee\/wp-content\/uploads\/2023\/02\/high-school_48.png&#8221; background_size=&#8221;initial&#8221; background_position=&#8221;top_left&#8221; background_repeat=&#8221;repeat-x&#8221; custom_margin=&#8221;|380px|10px|-30vw|false|false&#8221; custom_margin_tablet=&#8221;|300px||-15vw|false|false&#8221; custom_margin_phone=&#8221;|150px||-10vw|false|false&#8221; custom_margin_last_edited=&#8221;on|phone&#8221; global_colors_info=&#8221;{}&#8221;][\/et_pb_divider][\/et_pb_column][et_pb_column type=&#8221;1_2&#8243; _builder_version=&#8221;4.20.4&#8243; _module_preset=&#8221;default&#8221; global_colors_info=&#8221;{}&#8221;][et_pb_text admin_label=&#8221;Text&#8221; _builder_version=&#8221;4.20.4&#8243; _module_preset=&#8221;default&#8221; global_colors_info=&#8221;{}&#8221;]<\/p>\n<h4><strong>Maavanem meenutab, meenutame maavanemat<\/strong><\/h4>\n<p>Henn Sokk (koostaja)<br \/>Ajakeskus Wittenstein\/J\u00e4rvamaa muuseum 2017<br \/>ISBN 978-9949-733-90-3<br \/>K\u00f5vak\u00f6ide, 96lk<br \/><strong>Hind 10\u20ac<\/strong><\/p>\n<p>Raamatus leiab k\u00e4sitlemist Eesti iseseisvuse taastamise ja selle j\u00e4rgse aja kaheksa maakonnajuhi t\u00f6\u00f6 ja tegevus, h\u00f5lmates pea kolmek\u00fcmmet aastat. Raamatu koostaja Henn Sokk kirjutab raamatu eess\u00f5nas, et raamat koosneb endiste J\u00e4rva maavanemate meenutustest ametisse saamisest ja valitsemisajal kordasaadetust. \u201eNeid v\u00f5ib ka lugeda kui maavanemate hilinenud aruandeid rahvale oma ametiaja t\u00f6\u00f6st maakonna elu korraldamisel,&#8221; kirjutab Sokk.<\/p>\n<p>[\/et_pb_text][\/et_pb_column][\/et_pb_row][et_pb_row column_structure=&#8221;1_2,1_2&#8243; admin_label=&#8221;Anna Markus&#8221; _builder_version=&#8221;4.20.4&#8243; _module_preset=&#8221;default&#8221; global_colors_info=&#8221;{}&#8221;][et_pb_column type=&#8221;1_2&#8243; _builder_version=&#8221;4.20.4&#8243; _module_preset=&#8221;default&#8221; global_colors_info=&#8221;{}&#8221;][et_pb_text admin_label=&#8221;Text&#8221; _builder_version=&#8221;4.20.4&#8243; _module_preset=&#8221;default&#8221; global_colors_info=&#8221;{}&#8221;]<\/p>\n<h4><strong>Anna Markus. N\u00e4itlejanna r\u00e4nnakud elu \u2013 ja teatriradadel<\/strong><\/h4>\n<p>Herbert Last (koostaja)<br \/>Ajakeskus Wittenstein\/J\u00e4rvamaa muuseum 2017<br \/>ISBN 9789949994953<br \/>Pehme k\u00f6ide, 56 lk<br \/><strong>Hind 5\u20ac<\/strong><\/p>\n<p>Elulooraamat omaaegse Paidega seotud n\u00e4itlejanna Anna Markus (aastani 1899 Saar; 18. XII 1874 Lahmuse vald \u2013 7. XII 1955 T\u00fcri) eluteest. Ta l\u00f5petas Paides saksa t\u00fctarlastekooli. M\u00e4ngis 1896\u201398 Paides asjaarmastajate trupis, 1900\u201306 Estonias, 1907\u201316 ja 1925\u201328 Vanemuises ning 1916\u201325 Draamateatris, 1916\u201319 oli \u00fchtlasi Draamateatri kirjanduslik n\u00f5uandja. T\u00f5lkis n\u00e4idendeid ( Sudermann ,\u00a0 Strindberg ), toimetas ajalehe Meie Aastasada joonealust. Oli 1949\u201355 represseerituna\u00a0Novosibirski\u00a0oblastis.<br \/>Anna Markuse tegevust on 1936. aastal tunnustatud Eesti N\u00e4itlejate Liidu teenete kuldrinnam\u00e4rgiga. Aastatel 1899\u20131911 oli Anna Markus abielus J\u00fcri Markusega. Ta on kunstiteadlase Elsbet Pareki ema ja vabadusv\u00f5itleja ning poliitiku Lagle Pareki vanaema.<\/p>\n<p>[\/et_pb_text][\/et_pb_column][et_pb_column type=&#8221;1_2&#8243; _builder_version=&#8221;4.20.4&#8243; _module_preset=&#8221;default&#8221; global_colors_info=&#8221;{}&#8221;][et_pb_image src=&#8221;https:\/\/wittenstein.ee\/wp-content\/uploads\/2023\/08\/Anna-Markus-scaled.jpg&#8221; title_text=&#8221;Anna Markus&#8221; _builder_version=&#8221;4.20.4&#8243; _module_preset=&#8221;default&#8221; width=&#8221;100%&#8221; max_width=&#8221;100%&#8221; min_height=&#8221;500px&#8221; max_height=&#8221;500px&#8221; global_colors_info=&#8221;{}&#8221;][\/et_pb_image][et_pb_divider _builder_version=&#8221;4.20.4&#8243; _module_preset=&#8221;default&#8221; background_image=&#8221;https:\/\/wittenstein.ee\/wp-content\/uploads\/2023\/02\/high-school_48.png&#8221; background_size=&#8221;initial&#8221; background_position=&#8221;top_left&#8221; background_repeat=&#8221;repeat-x&#8221; custom_margin=&#8221;|380px|10px|-30vw|false|false&#8221; custom_margin_tablet=&#8221;|300px||-15vw|false|false&#8221; custom_margin_phone=&#8221;|150px||-10vw|false|false&#8221; custom_margin_last_edited=&#8221;on|phone&#8221; global_colors_info=&#8221;{}&#8221;][\/et_pb_divider][\/et_pb_column][\/et_pb_row][et_pb_row column_structure=&#8221;1_2,1_2&#8243; admin_label=&#8221;Astun tuttavale teele&#8221; _builder_version=&#8221;4.20.4&#8243; _module_preset=&#8221;default&#8221; global_colors_info=&#8221;{}&#8221;][et_pb_column type=&#8221;1_2&#8243; _builder_version=&#8221;4.20.4&#8243; _module_preset=&#8221;default&#8221; global_colors_info=&#8221;{}&#8221;][et_pb_image src=&#8221;https:\/\/wittenstein.ee\/wp-content\/uploads\/2023\/08\/Astun-tuttvale-teele.jpg&#8221; title_text=&#8221;Astun tuttvale teele&#8221; _builder_version=&#8221;4.20.4&#8243; _module_preset=&#8221;default&#8221; width=&#8221;100%&#8221; max_width=&#8221;100%&#8221; min_height=&#8221;500px&#8221; max_height=&#8221;500px&#8221; global_colors_info=&#8221;{}&#8221;][\/et_pb_image][et_pb_divider _builder_version=&#8221;4.20.4&#8243; _module_preset=&#8221;default&#8221; background_image=&#8221;https:\/\/wittenstein.ee\/wp-content\/uploads\/2023\/02\/high-school_48.png&#8221; background_size=&#8221;initial&#8221; background_position=&#8221;top_left&#8221; background_repeat=&#8221;repeat-x&#8221; custom_margin=&#8221;|380px|10px|-30vw|false|false&#8221; custom_margin_tablet=&#8221;|300px||-15vw|false|false&#8221; custom_margin_phone=&#8221;|150px||-10vw|false|false&#8221; custom_margin_last_edited=&#8221;on|phone&#8221; global_colors_info=&#8221;{}&#8221;][\/et_pb_divider][\/et_pb_column][et_pb_column type=&#8221;1_2&#8243; _builder_version=&#8221;4.20.4&#8243; _module_preset=&#8221;default&#8221; global_colors_info=&#8221;{}&#8221;][et_pb_text admin_label=&#8221;Text&#8221; _builder_version=&#8221;4.20.4&#8243; _module_preset=&#8221;default&#8221; global_colors_info=&#8221;{}&#8221;]<\/p>\n<p><strong>Astun tuttavale teele<\/strong><\/p>\n<p>Hele-Mall M\u00f5ttus (koostaja)<br \/>P\u00e4inurme koduloomuuseum 2016<br \/>ISBN 9789949810994<br \/>Liimk\u00f6ide, 90 lk<br \/><strong>Hind 5\u20ac<\/strong><\/p>\n<p>P\u00e4inurme piirkonna k\u00fclaelu olustiku ainetel valinud luuleraamat. Viiek\u00fcmnendate aastate<br \/>alguses oli meie kultuurielu madalseisus. V\u00e4ga palju kultuuritegelasi, kirjanikke, luuletajaid jt oli kuulutatud rahvavaenlasteks, vangistatud ja k\u00fc\u00fcditatud. Kui Stalin 1953. aastal suri, siis hingati kergendatult. Hakati j\u00e4lle koos k\u00e4ima lauluharjutustel ja tehti n\u00e4item\u00e4ngu. Igas k\u00fclas leidus agaraid ja teotahtelisi inimesi, kes said aru, kui t\u00e4htis on anda rahvale usku ja lootust j\u00e4\u00e4da iseendaks, eesti rahvaks. \u00dcks sellistest oli ka Hele-Mall M\u00f5ttus (1926-1966) &#8211; Rutikvere-P\u00e4inurme k\u00fclalaulik. Tema olustikulised salmid on t\u00e4nap\u00e4evases kiires elutempos meelik\u00f6itvaks vahepalaks seisatamaks ning m\u00f5tisklemaks esivanemate poolt loodule. Oma siiruse ja lihtsusega kannavad need v\u00e4rsiread edasi j\u00e4rvakale omast t\u00f6\u00f6kust, paiksusearmastust ja hoolivust kodust ning l\u00e4hedastest.<\/p>\n<p>[\/et_pb_text][\/et_pb_column][\/et_pb_row][et_pb_row column_structure=&#8221;1_2,1_2&#8243; admin_label=&#8221;Kesk-Eesti pillilood&#8221; _builder_version=&#8221;4.20.4&#8243; _module_preset=&#8221;default&#8221; global_colors_info=&#8221;{}&#8221;][et_pb_column type=&#8221;1_2&#8243; _builder_version=&#8221;4.20.4&#8243; _module_preset=&#8221;default&#8221; global_colors_info=&#8221;{}&#8221;][et_pb_text admin_label=&#8221;Text&#8221; _builder_version=&#8221;4.20.4&#8243; _module_preset=&#8221;default&#8221; global_colors_info=&#8221;{}&#8221;]<\/p>\n<h4><strong>Kesk-Eesti pillilood<\/strong><\/h4>\n<p>Lili V\u00e4lim\u00e4e ja Anneli Kenk (koostajad)<br \/>Saarra kirjastus 2016<br \/>ISBN 9789949978250<br \/>Spiraalk\u00f6ide, 40 lk<br \/><strong>Hind 8\u20ac<\/strong><\/p>\n<p>Kesk-Eesti rahvamuusika arendusprogrammi raames valminud raamat \u00abKesk-Eesti pillilood\u00bb sisaldab 21 seni avaldamata rahvapillilugu ja v\u00e4ikest \u00fclevaadet siin piirkonnas tegutsenud rahvamuusikutest.<\/p>\n<p>[\/et_pb_text][\/et_pb_column][et_pb_column type=&#8221;1_2&#8243; _builder_version=&#8221;4.20.4&#8243; _module_preset=&#8221;default&#8221; global_colors_info=&#8221;{}&#8221;][et_pb_image src=&#8221;https:\/\/wittenstein.ee\/wp-content\/uploads\/2023\/08\/Kesk-Eesti-pillilood.jpg&#8221; title_text=&#8221;Kesk-Eesti pillilood&#8221; _builder_version=&#8221;4.20.4&#8243; _module_preset=&#8221;default&#8221; width=&#8221;100%&#8221; max_width=&#8221;100%&#8221; min_height=&#8221;500px&#8221; max_height=&#8221;500px&#8221; global_colors_info=&#8221;{}&#8221;][\/et_pb_image][et_pb_divider _builder_version=&#8221;4.20.4&#8243; _module_preset=&#8221;default&#8221; background_image=&#8221;https:\/\/wittenstein.ee\/wp-content\/uploads\/2023\/02\/high-school_48.png&#8221; background_size=&#8221;initial&#8221; background_position=&#8221;top_left&#8221; background_repeat=&#8221;repeat-x&#8221; custom_margin=&#8221;|380px|10px|-30vw|false|false&#8221; custom_margin_tablet=&#8221;|300px||-15vw|false|false&#8221; custom_margin_phone=&#8221;|150px||-10vw|false|false&#8221; custom_margin_last_edited=&#8221;on|phone&#8221; global_colors_info=&#8221;{}&#8221;][\/et_pb_divider][\/et_pb_column][\/et_pb_row][et_pb_row column_structure=&#8221;1_2,1_2&#8243; admin_label=&#8221;Paide kooli\u00f5pilased s\u00f5jas&#8221; _builder_version=&#8221;4.20.4&#8243; _module_preset=&#8221;default&#8221; global_colors_info=&#8221;{}&#8221;][et_pb_column type=&#8221;1_2&#8243; _builder_version=&#8221;4.20.4&#8243; _module_preset=&#8221;default&#8221; global_colors_info=&#8221;{}&#8221;][et_pb_image src=&#8221;https:\/\/wittenstein.ee\/wp-content\/uploads\/2023\/08\/Paide-kooliopilased-Vabadussojas.jpg&#8221; title_text=&#8221;Paide kooli\u00f5pilased Vabaduss\u00f5jas&#8221; _builder_version=&#8221;4.20.4&#8243; _module_preset=&#8221;default&#8221; width=&#8221;100%&#8221; max_width=&#8221;100%&#8221; min_height=&#8221;500px&#8221; max_height=&#8221;500px&#8221; global_colors_info=&#8221;{}&#8221;][\/et_pb_image][et_pb_divider _builder_version=&#8221;4.20.4&#8243; _module_preset=&#8221;default&#8221; background_image=&#8221;https:\/\/wittenstein.ee\/wp-content\/uploads\/2023\/02\/high-school_48.png&#8221; background_size=&#8221;initial&#8221; background_position=&#8221;top_left&#8221; background_repeat=&#8221;repeat-x&#8221; custom_margin=&#8221;|380px|10px|-30vw|false|false&#8221; custom_margin_tablet=&#8221;|300px||-15vw|false|false&#8221; custom_margin_phone=&#8221;|150px||-10vw|false|false&#8221; custom_margin_last_edited=&#8221;on|phone&#8221; global_colors_info=&#8221;{}&#8221;][\/et_pb_divider][\/et_pb_column][et_pb_column type=&#8221;1_2&#8243; _builder_version=&#8221;4.20.4&#8243; _module_preset=&#8221;default&#8221; global_colors_info=&#8221;{}&#8221;][et_pb_text admin_label=&#8221;Text&#8221; _builder_version=&#8221;4.20.4&#8243; _module_preset=&#8221;default&#8221; global_colors_info=&#8221;{}&#8221;]<\/p>\n<h4><strong>Paide kooli\u00f5pilased Vabaduss\u00f5jas<\/strong><\/h4>\n<p>Henn Sokk (koostaja)<br \/>Ajakeskus Wittenstein\/J\u00e4rvamaa muuseum 2015<br \/>ISBN 9789949384389<br \/>K\u00f5vak\u00f6ide, 63lk<br \/>Hind 7\u20ac<\/p>\n<p>Teenekas koduloolane Henn Sokk on taaskord pakkunud\u00a0 r\u00f5\u00f5mu J\u00e4rvamaa minevikuloo huvilistele. Autori j\u00e4rjepideva uurimiskire saatel ja abiliste toel on k\u00f5vade kaante vahele j\u00f5udnud raamat Paide kooli\u00f5pilastest Vabaduss\u00f5jas. Kuigi Vabaduss\u00f5ja temaatikat on eesti ajalookirjanduses rohkelt k\u00e4sitletud, leidub siiski valgeid laike, mille kohta puuduvad terviklikud \u00fclevaated. Raamatu lehek\u00fclgedel 53 kuni 61 on v\u00e4lja toodud Vabaduss\u00f5jast osa v\u00f5tnud Paide koolipoiste teadaolevad nimed. \u201eK\u00fcsim\u00e4rgid personaalias on taotluslikud.<br \/>\u00d5nnestus v\u00e4lja selgitada ainult 55 Vabaduss\u00f5jast osa v\u00f5tnud Paide kooli\u00f5pilast-s\u00f5durit \u2013 seda on teenimatult v\u00e4he, aga \u00f5ppurs\u00f5durid v\u00e4\u00e4rivad seda, et teemaga edasi tegeleda,\u201c lausub Henn Sokk.<\/p>\n<p>[\/et_pb_text][\/et_pb_column][\/et_pb_row][et_pb_row column_structure=&#8221;1_2,1_2&#8243; admin_label=&#8221;Isamaa teenistuses&#8221; _builder_version=&#8221;4.20.4&#8243; _module_preset=&#8221;default&#8221; global_colors_info=&#8221;{}&#8221;][et_pb_column type=&#8221;1_2&#8243; _builder_version=&#8221;4.20.4&#8243; _module_preset=&#8221;default&#8221; global_colors_info=&#8221;{}&#8221;][et_pb_text admin_label=&#8221;Text&#8221; _builder_version=&#8221;4.20.4&#8243; _module_preset=&#8221;default&#8221; global_colors_info=&#8221;{}&#8221;]<\/p>\n<h4><strong>Isamaa teenistuses. August J\u00fcrmani (J\u00fcrima) roll Eesti riigi loomisel ja edendamisel<\/strong><\/h4>\n<p>R\u00fcndo M\u00fclts (koostaja)<br \/>P\u00e4inurme Koduloomuusem 2015<br \/>ISBN 9789949385737<br \/>K\u00f5vak\u00f6ide, 204 lk<br \/><strong>Hind 5\u20ac<\/strong><\/p>\n<p>[\/et_pb_text][\/et_pb_column][et_pb_column type=&#8221;1_2&#8243; _builder_version=&#8221;4.20.4&#8243; _module_preset=&#8221;default&#8221; global_colors_info=&#8221;{}&#8221;][et_pb_image src=&#8221;https:\/\/wittenstein.ee\/wp-content\/uploads\/2023\/08\/Isamaa-teenistuses-scaled.jpg&#8221; title_text=&#8221;Isamaa teenistuses&#8221; _builder_version=&#8221;4.20.4&#8243; _module_preset=&#8221;default&#8221; width=&#8221;100%&#8221; max_width=&#8221;100%&#8221; min_height=&#8221;500px&#8221; max_height=&#8221;500px&#8221; global_colors_info=&#8221;{}&#8221;][\/et_pb_image][et_pb_divider _builder_version=&#8221;4.20.4&#8243; _module_preset=&#8221;default&#8221; background_image=&#8221;https:\/\/wittenstein.ee\/wp-content\/uploads\/2023\/02\/high-school_48.png&#8221; background_size=&#8221;initial&#8221; background_position=&#8221;top_left&#8221; background_repeat=&#8221;repeat-x&#8221; custom_margin=&#8221;|380px|10px|-30vw|false|false&#8221; custom_margin_tablet=&#8221;|300px||-15vw|false|false&#8221; custom_margin_phone=&#8221;|150px||-10vw|false|false&#8221; custom_margin_last_edited=&#8221;on|phone&#8221; global_colors_info=&#8221;{}&#8221;][\/et_pb_divider][\/et_pb_column][\/et_pb_row][et_pb_row column_structure=&#8221;1_2,1_2&#8243; admin_label=&#8221;Aeg \u00e4rgata&#8221; _builder_version=&#8221;4.20.4&#8243; _module_preset=&#8221;default&#8221; global_colors_info=&#8221;{}&#8221;][et_pb_column type=&#8221;1_2&#8243; _builder_version=&#8221;4.20.4&#8243; _module_preset=&#8221;default&#8221; global_colors_info=&#8221;{}&#8221;][et_pb_image src=&#8221;https:\/\/wittenstein.ee\/wp-content\/uploads\/2023\/08\/AEG-ARGATA-scaled.jpg&#8221; title_text=&#8221;AEG \u00c4RGATA&#8221; _builder_version=&#8221;4.20.4&#8243; _module_preset=&#8221;default&#8221; width=&#8221;100%&#8221; max_width=&#8221;100%&#8221; min_height=&#8221;500px&#8221; max_height=&#8221;500px&#8221; global_colors_info=&#8221;{}&#8221;][\/et_pb_image][et_pb_divider _builder_version=&#8221;4.20.4&#8243; _module_preset=&#8221;default&#8221; background_image=&#8221;https:\/\/wittenstein.ee\/wp-content\/uploads\/2023\/02\/high-school_48.png&#8221; background_size=&#8221;initial&#8221; background_position=&#8221;top_left&#8221; background_repeat=&#8221;repeat-x&#8221; custom_margin=&#8221;|380px|10px|-30vw|false|false&#8221; custom_margin_tablet=&#8221;|300px||-15vw|false|false&#8221; custom_margin_phone=&#8221;|150px||-10vw|false|false&#8221; custom_margin_last_edited=&#8221;on|phone&#8221; global_colors_info=&#8221;{}&#8221;][\/et_pb_divider][\/et_pb_column][et_pb_column type=&#8221;1_2&#8243; _builder_version=&#8221;4.20.4&#8243; _module_preset=&#8221;default&#8221; global_colors_info=&#8221;{}&#8221;][et_pb_text admin_label=&#8221;Text&#8221; _builder_version=&#8221;4.20.4&#8243; _module_preset=&#8221;default&#8221; global_colors_info=&#8221;{}&#8221;]<\/p>\n<h4><strong>AEG \u00c4RGATA : KAKSK\u00dcMMEND KAHEKSA EESTI RAHVALAULU<\/strong><\/h4>\n<p>Ottilie K\u00f5iva (koostaja)<br \/>Eesti Kirjandusmuuseumi Teaduskirjastus, 2014<br \/>ISBN 9789949544103<br \/>Pehme k\u00f6ide, 111 lk<br \/><strong>Hind 11\u20ac<\/strong><br \/>Eesti rahvuskultuuri suurmehe, rahvuseepose &#8220;Kalevipoeg&#8221; looja Friedrich Reinhold Kreutzwaldi (1803-1882) \u00fclikooliaegsed \u00f5ppevaheajad m\u00f6\u00f6dusid tema vanemate tolleaegses t\u00f6\u00f6- ja elupaigas Peetri kihelkonnas Viisul.<br \/>Aastak\u00fcmneid hiljem on ta meenutanud, et J\u00e4rvamaa keskuses Paides kohalike haritlastega suheldes m\u00f6\u00f6dusid ta nooruse &#8220;tormi ja tungi&#8221; aastate s\u00e4ravaimad hetked. Oma ajastu suurkujud &#8211; Herder, Kn\u00fcpffer, Faehlmann &#8211; \u00e4ratasid ka noores Kreutzwaldis huvi rahvaluule vastu. Viisu m\u00f5isa \u00fcmbruskonnast kirjutas Kreutzwald \u00fcles 28 regilaulu, mis olid talle hiljem m\u00e4rkimisv\u00e4\u00e4rseks toeks &#8220;Kalevipoja&#8221; koostamisel. Kreutzwaldil oli \u00f5nn kuulda veel elavat regilaulu selle ehtsas esituskeskkonnas. T\u00f5en\u00e4oliselt ongi need laulud \u00fcles kirjutatud neidudelt kiigeplatsil.<\/p>\n<p>[\/et_pb_text][\/et_pb_column][\/et_pb_row][et_pb_row column_structure=&#8221;1_2,1_2&#8243; admin_label=&#8221;Neli kuningat&#8221; _builder_version=&#8221;4.20.4&#8243; _module_preset=&#8221;default&#8221; global_colors_info=&#8221;{}&#8221;][et_pb_column type=&#8221;1_2&#8243; _builder_version=&#8221;4.20.4&#8243; _module_preset=&#8221;default&#8221; global_colors_info=&#8221;{}&#8221;][et_pb_text admin_label=&#8221;Text&#8221; _builder_version=&#8221;4.20.4&#8243; _module_preset=&#8221;default&#8221; global_colors_info=&#8221;{}&#8221;]<\/p>\n<h4><strong>J\u00fcri\u00f6\u00f6 \u00fclest\u00f5us ehk nelja kuninga hukk Paides<\/strong><\/h4>\n<p>Terje Truska (koostaja)<br \/>Ajakeskus Wittenstein\/J\u00e4rvamaa muuseum 2013<br \/>ISBN 9789949330195<br \/>K\u00f5vak\u00f6ide, 24 lk<br \/><strong>Hind 2\u20ac<\/strong><\/p>\n<p>J\u00fcri\u00f6\u00f6 \u00fclest\u00f5usu 670. aastap\u00e4evaks valmis muuseumil tegevusvihik algklasside \u00f5pilastele<br \/>&amp;quot;J\u00fcri\u00f6\u00f6 \u00fclest\u00f5us ehk nelja kuninga hukk Paides&amp;quot;.<br \/>Idee autor ja koostaja\u00a0on muuseumi omaaegne programmijuht Terje Truska.<br \/>Kunstnik \u00dclle Kuldkepp. Vihik on m\u00fc\u00fcgil nii eesti kui inglise keeles. Ingliskeelse versiooni<br \/>autor on\u00a0Tartu \u00dclikooli t\u00f5lkemagistrant Kadri Truska.<\/p>\n<p>[\/et_pb_text][\/et_pb_column][et_pb_column type=&#8221;1_2&#8243; _builder_version=&#8221;4.20.4&#8243; _module_preset=&#8221;default&#8221; global_colors_info=&#8221;{}&#8221;][et_pb_image src=&#8221;https:\/\/wittenstein.ee\/wp-content\/uploads\/2023\/08\/Jurioo-est.jpg&#8221; title_text=&#8221;J\u00fcri\u00f6\u00f6 est&#8221; _builder_version=&#8221;4.20.4&#8243; _module_preset=&#8221;default&#8221; width=&#8221;100%&#8221; max_width=&#8221;100%&#8221; min_height=&#8221;500px&#8221; max_height=&#8221;500px&#8221; global_colors_info=&#8221;{}&#8221;][\/et_pb_image][et_pb_divider _builder_version=&#8221;4.20.4&#8243; _module_preset=&#8221;default&#8221; background_image=&#8221;https:\/\/wittenstein.ee\/wp-content\/uploads\/2023\/02\/high-school_48.png&#8221; background_size=&#8221;initial&#8221; background_position=&#8221;top_left&#8221; background_repeat=&#8221;repeat-x&#8221; custom_margin=&#8221;|380px|10px|-30vw|false|false&#8221; custom_margin_tablet=&#8221;|300px||-15vw|false|false&#8221; custom_margin_phone=&#8221;|150px||-10vw|false|false&#8221; custom_margin_last_edited=&#8221;on|phone&#8221; global_colors_info=&#8221;{}&#8221;][\/et_pb_divider][\/et_pb_column][\/et_pb_row][et_pb_row column_structure=&#8221;1_2,1_2&#8243; admin_label=&#8221;Pitka&#8221; _builder_version=&#8221;4.20.4&#8243; _module_preset=&#8221;default&#8221; global_colors_info=&#8221;{}&#8221;][et_pb_column type=&#8221;1_2&#8243; _builder_version=&#8221;4.20.4&#8243; _module_preset=&#8221;default&#8221; global_colors_info=&#8221;{}&#8221;][et_pb_image src=&#8221;https:\/\/wittenstein.ee\/wp-content\/uploads\/2023\/08\/Johan-Pitka-scaled.jpg&#8221; title_text=&#8221;Johan Pitka&#8221; _builder_version=&#8221;4.20.4&#8243; _module_preset=&#8221;default&#8221; width=&#8221;100%&#8221; max_width=&#8221;100%&#8221; min_height=&#8221;500px&#8221; max_height=&#8221;500px&#8221; global_colors_info=&#8221;{}&#8221;][\/et_pb_image][et_pb_divider _builder_version=&#8221;4.20.4&#8243; _module_preset=&#8221;default&#8221; background_image=&#8221;https:\/\/wittenstein.ee\/wp-content\/uploads\/2023\/02\/high-school_48.png&#8221; background_size=&#8221;initial&#8221; background_position=&#8221;top_left&#8221; background_repeat=&#8221;repeat-x&#8221; custom_margin=&#8221;|380px|10px|-30vw|false|false&#8221; custom_margin_tablet=&#8221;|300px||-15vw|false|false&#8221; custom_margin_phone=&#8221;|150px||-10vw|false|false&#8221; custom_margin_last_edited=&#8221;on|phone&#8221; global_colors_info=&#8221;{}&#8221;][\/et_pb_divider][\/et_pb_column][et_pb_column type=&#8221;1_2&#8243; _builder_version=&#8221;4.20.4&#8243; _module_preset=&#8221;default&#8221; global_colors_info=&#8221;{}&#8221;][et_pb_text admin_label=&#8221;Text&#8221; _builder_version=&#8221;4.20.4&#8243; _module_preset=&#8221;default&#8221; global_colors_info=&#8221;{}&#8221;]<\/p>\n<h4><strong>Johan Pitka. Ausa tahtega isamaa heaks<\/strong><\/h4>\n<p>Reet Naber (koostaja)<br \/>Tea kirjastus 2012<br \/>ISBN 9789949241231<br \/>K\u00f5vak\u00f6ide, 224 lk<br \/><strong>Hind 22\u20ac<\/strong><\/p>\n<p>Merendusajaloolase Reet Naberi uurimus \u201cJohan Pitka. Ausa tahtega isamaa heaks!\u201d, mis ilmub \u201cTuntud ja tundmatu\u201d sarjas rikkalikult illustreerituna admiral Pitka 140. s\u00fcnniaastap\u00e4evaks, on seni mahukaim k\u00e4sitlus juba eluajal pooleldi m\u00fc\u00fctilise m\u00f5\u00f5tme omandanud mehe elust, keda v\u00f5ib \u00f5igusega nimetada peaaegu ainsaks l\u00e4binisti positiivseks kangelaseks Eesti (l\u00e4hi)ajaloos. Johan Pitka oli \u00fcks p\u00f5him\u00f5ttekindlamaid ja energilisemaid Eesti majandusliku ning poliitilise iseseisvuse eest v\u00f5itlejaid, kel tuli aastak\u00fcmnete v\u00e4ltel lahinguid l\u00fc\u00fca nii leheveergudel, komiteedes kui s\u00f5jav\u00e4ljal. Pitka isikus said harvan\u00e4htaval moel kokku suur vision\u00e4\u00e4r, teoinimene ja liider; tema elu oli t\u00e4is kirge, v\u00f5itlust ning paradokse. Reet Naber keskendub Pitka biograafias s\u00fcvendatumalt aastatele 1907\u20131917, mis seni p\u00f5hjalikumalt l\u00e4bi uurimata ning lahti kirjutamata. Sellesse aega langeb eestlaste rahvusliku eneseteadvuse uus t\u00f5us, parteide ja seltside tekkimine ning majanduskliima paranemine, milles Johan Pitkal oli eelk\u00f5ige merenduse teoreetiku ja eestvedajana suur roll.<\/p>\n<p>[\/et_pb_text][\/et_pb_column][\/et_pb_row][et_pb_row column_structure=&#8221;1_2,1_2&#8243; admin_label=&#8221;J\u00e4rvamaa m\u00f5isad&#8221; _builder_version=&#8221;4.20.4&#8243; _module_preset=&#8221;default&#8221; global_colors_info=&#8221;{}&#8221;][et_pb_column type=&#8221;1_2&#8243; _builder_version=&#8221;4.20.4&#8243; _module_preset=&#8221;default&#8221; global_colors_info=&#8221;{}&#8221;][et_pb_text admin_label=&#8221;Text&#8221; _builder_version=&#8221;4.20.4&#8243; _module_preset=&#8221;default&#8221; global_colors_info=&#8221;{}&#8221;]<\/p>\n<h4><strong>J\u00e4rvamaa m\u00f5isad. Mis kusagil oli ja mis sellest j\u00e4rel on. Kihelkonniti 2005. aasta<\/strong><br \/><strong>maakonna piirides<\/strong><\/h4>\n<p>Rainer Alas ja Ren\u00e9 Viljat (koostaja)<br \/>Kuma 2009<br \/>ISBN 9789985988381<br \/>K\u00f5vak\u00f6ide, 275 lk<br \/><strong>Hind 20\u20ac<\/strong><\/p>\n<p>\u2022 R\u00fc\u00fctli-, k\u00f5rval- ja poolm\u00f5isad ning pastoraadid kihelkonniti 2005. a maakonna piirides<br \/>valdade kaupa<br \/>\u2022 L\u00fchikokkuv\u00f5te hoonestusest ja omanikeringist<br \/>\u2022 Heraldilise kirjeldusega aadlisuguv\u00f5sade vapid<br \/>\u2022 Asukohakaardid, register<br \/>\u2022 Huvitavat lisalugemist vanemast tr\u00fckis\u00f5nast<\/p>\n<p>[\/et_pb_text][\/et_pb_column][et_pb_column type=&#8221;1_2&#8243; _builder_version=&#8221;4.20.4&#8243; _module_preset=&#8221;default&#8221; global_colors_info=&#8221;{}&#8221;][et_pb_image src=&#8221;https:\/\/wittenstein.ee\/wp-content\/uploads\/2023\/08\/Jarvamaa-moisad-scaled.jpg&#8221; title_text=&#8221;J\u00e4rvamaa m\u00f5isad&#8221; _builder_version=&#8221;4.20.4&#8243; _module_preset=&#8221;default&#8221; width=&#8221;100%&#8221; max_width=&#8221;100%&#8221; min_height=&#8221;500px&#8221; max_height=&#8221;500px&#8221; global_colors_info=&#8221;{}&#8221;][\/et_pb_image][et_pb_divider _builder_version=&#8221;4.20.4&#8243; _module_preset=&#8221;default&#8221; background_image=&#8221;https:\/\/wittenstein.ee\/wp-content\/uploads\/2023\/02\/high-school_48.png&#8221; background_size=&#8221;initial&#8221; background_position=&#8221;top_left&#8221; background_repeat=&#8221;repeat-x&#8221; custom_margin=&#8221;|380px|10px|-30vw|false|false&#8221; custom_margin_tablet=&#8221;|300px||-15vw|false|false&#8221; custom_margin_phone=&#8221;|150px||-10vw|false|false&#8221; custom_margin_last_edited=&#8221;on|phone&#8221; global_colors_info=&#8221;{}&#8221;][\/et_pb_divider][\/et_pb_column][\/et_pb_row][et_pb_row column_structure=&#8221;1_2,1_2&#8243; admin_label=&#8221;J\u00e4rvamaa III&#8221; _builder_version=&#8221;4.20.4&#8243; _module_preset=&#8221;default&#8221; global_colors_info=&#8221;{}&#8221;][et_pb_column type=&#8221;1_2&#8243; _builder_version=&#8221;4.20.4&#8243; _module_preset=&#8221;default&#8221; global_colors_info=&#8221;{}&#8221;][et_pb_image src=&#8221;https:\/\/wittenstein.ee\/wp-content\/uploads\/2023\/08\/Jarvamaa-III-1-scaled.jpg&#8221; title_text=&#8221;J\u00e4rvamaa III (1)&#8221; _builder_version=&#8221;4.20.4&#8243; _module_preset=&#8221;default&#8221; width=&#8221;100%&#8221; max_width=&#8221;100%&#8221; min_height=&#8221;500px&#8221; max_height=&#8221;500px&#8221; global_colors_info=&#8221;{}&#8221;][\/et_pb_image][et_pb_divider _builder_version=&#8221;4.20.4&#8243; _module_preset=&#8221;default&#8221; background_image=&#8221;https:\/\/wittenstein.ee\/wp-content\/uploads\/2023\/02\/high-school_48.png&#8221; background_size=&#8221;initial&#8221; background_position=&#8221;top_left&#8221; background_repeat=&#8221;repeat-x&#8221; custom_margin=&#8221;|380px|10px|-30vw|false|false&#8221; custom_margin_tablet=&#8221;|300px||-15vw|false|false&#8221; custom_margin_phone=&#8221;|150px||-10vw|false|false&#8221; custom_margin_last_edited=&#8221;on|phone&#8221; global_colors_info=&#8221;{}&#8221;][\/et_pb_divider][\/et_pb_column][et_pb_column type=&#8221;1_2&#8243; _builder_version=&#8221;4.20.4&#8243; _module_preset=&#8221;default&#8221; global_colors_info=&#8221;{}&#8221;][et_pb_text admin_label=&#8221;Text&#8221; _builder_version=&#8221;4.20.4&#8243; _module_preset=&#8221;default&#8221; global_colors_info=&#8221;{}&#8221;]<\/p>\n<h4><strong>J\u00c4RVAMAA III. LOODUS, AEG, INIMENE<\/strong><\/h4>\n<p>Taavi Pae, Henn Sokk (koostajad)<br \/>Eesti Ents\u00fcklopeediakirjastus 2009<br \/>ISBN 9789985702598<br \/>K\u00f5vak\u00f6ide, 606 lk<br \/><strong>Hind 10\u20ac<\/strong><br \/>Koguteose J\u00c4RVAMAA III osas k\u00e4sitletakse kohalike riigiasutuste kujunemist ja kohalikku omavalitsust, organisatsioone ja seltsitegevust, majandust, tervishoidu ja sotsiaalhoolekannet.<br \/>Raamat on valminud J\u00e4rva maavalitsuse, Eesti Ents\u00fcklopeediakirjastuse, J\u00e4rvamaa omavalitsuste ja veel mitme ametkonna ja asutuse koost\u00f6\u00f6s. Autorite hulgas on nii akadeemikuid, professoreid, \u00f5ppej\u00f5ude aga ka ametnikke.<\/p>\n<p>[\/et_pb_text][\/et_pb_column][\/et_pb_row][et_pb_row column_structure=&#8221;1_2,1_2&#8243; admin_label=&#8221;J\u00e4rvamaa II&#8221; _builder_version=&#8221;4.20.4&#8243; _module_preset=&#8221;default&#8221; global_colors_info=&#8221;{}&#8221;][et_pb_column type=&#8221;1_2&#8243; _builder_version=&#8221;4.20.4&#8243; _module_preset=&#8221;default&#8221; global_colors_info=&#8221;{}&#8221;][et_pb_text admin_label=&#8221;Text&#8221; _builder_version=&#8221;4.20.4&#8243; _module_preset=&#8221;default&#8221; global_colors_info=&#8221;{}&#8221;]<\/p>\n<h4><strong>J\u00c4RVAMAA II. LOODUS, AEG, INIMENE<\/strong><\/h4>\n<p>Taavi Pae, Henn Sokk (koostajad)<br \/>Eesti Ents\u00fcklopeediakirjastus 2007<br \/>ISBN 9789985702598<br \/>K\u00f5vak\u00f6ide, 567 lk<br \/><strong>Hind 10\u20ac<\/strong><\/p>\n<p>Koguteose J\u00c4RVAMAA II osa k\u00e4sitleb humanitaarvaldkondi. Selles on maakonna haridus-<br \/>ja kultuurilugu kogu oma mitmepalgelisuses. P\u00f5hjalikult on k\u00e4sitletud J\u00e4rvamaa hariduselu varajasest keskajast alates. Hinnatavad on ka rahvakultuuri k\u00e4sitlevad artiklid, sest J\u00e4rvamaa keelest, toitudest, rahvakalendrist, olustikust, nimedest, rahvar\u00f5ivastest, arhitektuurist ja muust paikkonnale ainuomasest ei ole kirjutatud \u00fcheski teises raamatus.<\/p>\n<p>[\/et_pb_text][\/et_pb_column][et_pb_column type=&#8221;1_2&#8243; _builder_version=&#8221;4.20.4&#8243; _module_preset=&#8221;default&#8221; global_colors_info=&#8221;{}&#8221;][et_pb_image src=&#8221;https:\/\/wittenstein.ee\/wp-content\/uploads\/2023\/08\/Jarvamaa-II-scaled.jpg&#8221; title_text=&#8221;J\u00e4rvamaa II&#8221; _builder_version=&#8221;4.20.4&#8243; _module_preset=&#8221;default&#8221; width=&#8221;100%&#8221; max_width=&#8221;100%&#8221; min_height=&#8221;500px&#8221; max_height=&#8221;500px&#8221; global_colors_info=&#8221;{}&#8221;][\/et_pb_image][et_pb_divider _builder_version=&#8221;4.20.4&#8243; _module_preset=&#8221;default&#8221; background_image=&#8221;https:\/\/wittenstein.ee\/wp-content\/uploads\/2023\/02\/high-school_48.png&#8221; background_size=&#8221;initial&#8221; background_position=&#8221;top_left&#8221; background_repeat=&#8221;repeat-x&#8221; custom_margin=&#8221;|380px|10px|-30vw|false|false&#8221; custom_margin_tablet=&#8221;|300px||-15vw|false|false&#8221; custom_margin_phone=&#8221;|150px||-10vw|false|false&#8221; custom_margin_last_edited=&#8221;on|phone&#8221; global_colors_info=&#8221;{}&#8221;][\/et_pb_divider][\/et_pb_column][\/et_pb_row][et_pb_row column_structure=&#8221;1_2,1_2&#8243; admin_label=&#8221;J\u00e4rvamaa I&#8221; _builder_version=&#8221;4.20.4&#8243; _module_preset=&#8221;default&#8221; global_colors_info=&#8221;{}&#8221;][et_pb_column type=&#8221;1_2&#8243; _builder_version=&#8221;4.20.4&#8243; _module_preset=&#8221;default&#8221; global_colors_info=&#8221;{}&#8221;][et_pb_image src=&#8221;https:\/\/wittenstein.ee\/wp-content\/uploads\/2023\/08\/Jarvamaa-I-scaled.jpg&#8221; title_text=&#8221;J\u00e4rvamaa I&#8221; _builder_version=&#8221;4.20.4&#8243; _module_preset=&#8221;default&#8221; width=&#8221;100%&#8221; max_width=&#8221;100%&#8221; min_height=&#8221;500px&#8221; max_height=&#8221;500px&#8221; global_colors_info=&#8221;{}&#8221;][\/et_pb_image][et_pb_divider _builder_version=&#8221;4.20.4&#8243; _module_preset=&#8221;default&#8221; background_image=&#8221;https:\/\/wittenstein.ee\/wp-content\/uploads\/2023\/02\/high-school_48.png&#8221; background_size=&#8221;initial&#8221; background_position=&#8221;top_left&#8221; background_repeat=&#8221;repeat-x&#8221; custom_margin=&#8221;|380px|10px|-30vw|false|false&#8221; custom_margin_tablet=&#8221;|300px||-15vw|false|false&#8221; custom_margin_phone=&#8221;|150px||-10vw|false|false&#8221; custom_margin_last_edited=&#8221;on|phone&#8221; global_colors_info=&#8221;{}&#8221;][\/et_pb_divider][\/et_pb_column][et_pb_column type=&#8221;1_2&#8243; _builder_version=&#8221;4.20.4&#8243; _module_preset=&#8221;default&#8221; global_colors_info=&#8221;{}&#8221;][et_pb_text admin_label=&#8221;Text&#8221; _builder_version=&#8221;4.20.4&#8243; _module_preset=&#8221;default&#8221; global_colors_info=&#8221;{}&#8221;]<\/p>\n<h4><strong>J\u00e4rvamaa I Loodus, aeg, inimene<\/strong><\/h4>\n<p>Taavi Pae ja Henn Sokk (koostajad)<br \/>Eesti Ents\u00fcklopeediakirjastus 2007<br \/>ISBN 9789985702604<br \/>K\u00f5vak\u00f6ide, 568 lk<br \/><strong>Hind 10\u20ac<\/strong><\/p>\n<p>Koguteos &#8220;J\u00e4rvamaa&#8221; koondab eneses v\u00e4\u00e4rtuslikuma osa teabest, mis k\u00e4sitleb J\u00e4rvamaa loodust, minevikku ja olevikku. Tinglikult v\u00f5ib \u00f6elda, et raamatu kaante vahel on k\u00f5ik, mida me hetkel J\u00e4rvamaast teame. Koguteost v\u00f5ib pidada ka maakonna ents\u00fcklopeediaks, mis pakub vastust enamikule J\u00e4rvamaa loodust ja kultuurilugu puudutavatele k\u00fcsimustele.<br \/>Raamat on valminud J\u00e4rva maavalitsuse, Eesti Ents\u00fcklopeediakirjastuse, J\u00e4rvamaa omavalitsuste ja veel mitme ametkonna ja asutuse koost\u00f6\u00f6s. Autorite hulgas on nii akadeemikuid, professoreid, \u00f5ppej\u00f5ude aga ka ametnikke.<\/p>\n<p>[\/et_pb_text][\/et_pb_column][\/et_pb_row][et_pb_row column_structure=&#8221;1_2,1_2&#8243; admin_label=&#8221;T\u00fcri III&#8221; _builder_version=&#8221;4.20.4&#8243; _module_preset=&#8221;default&#8221; global_colors_info=&#8221;{}&#8221;][et_pb_column type=&#8221;1_2&#8243; _builder_version=&#8221;4.20.4&#8243; _module_preset=&#8221;default&#8221; global_colors_info=&#8221;{}&#8221;][et_pb_text admin_label=&#8221;Text&#8221; _builder_version=&#8221;4.20.4&#8243; _module_preset=&#8221;default&#8221; global_colors_info=&#8221;{}&#8221;]<\/p>\n<h4><strong>T\u00dcRI III : kilde kihelkonna ja linna arengust<\/strong><\/h4>\n<p>Kaarel Aluoja (koostaja)<br \/>Kuma 2006<br \/>ISBN 9789985968505<br \/>Pehmes k\u00f6ide, 175 lk<br \/><strong>Hind 10\u20ac<\/strong><\/p>\n<p>Kogumik sisaldab artikleid T\u00fcri kihelkonna ajaloo kohta.<br \/>Sisu:<br \/>Elavad ja unustusse vajuvad nimed Lokuta m\u00f5isast ja selle omanikest. Punane aasta T\u00fcri kihelkonnas. T\u00fcri Tarvitajate \u00dchisus 1911-1959. Lokuta algkooli algus ja l\u00f5pp. T\u00fcri apteegi kujunemislugu. Evangeelne vennastekogudus tegutses ka T\u00fcril. Vabaduss\u00f5jas langenute T\u00fcri m\u00e4lestussamba saamisloost. Linnatalude eluolust. T\u00fcri saatejaam Saksa okupatsiooni aastail 1941-1944. T\u00fcri meteoroloogiajaama ajalugu. T\u00fcri kujunes suusah\u00fcppekeskuseks. T\u00fcri p\u00e4evapiltnikke aastatel 1895-1945. M\u00e4lestusi heast onust Anton Eilartist. T\u00fcri linnapea Johannes Lagge ja tema abikaasa Adele. Rahvatantsujuhid Erna ja Ellu Kaasik.<\/p>\n<p>[\/et_pb_text][\/et_pb_column][et_pb_column type=&#8221;1_2&#8243; _builder_version=&#8221;4.20.4&#8243; _module_preset=&#8221;default&#8221; global_colors_info=&#8221;{}&#8221;][et_pb_image src=&#8221;https:\/\/wittenstein.ee\/wp-content\/uploads\/2023\/08\/Turi-III-scaled.jpg&#8221; title_text=&#8221;T\u00fcri III&#8221; _builder_version=&#8221;4.20.4&#8243; _module_preset=&#8221;default&#8221; width=&#8221;100%&#8221; max_width=&#8221;100%&#8221; min_height=&#8221;500px&#8221; max_height=&#8221;500px&#8221; global_colors_info=&#8221;{}&#8221;][\/et_pb_image][et_pb_divider _builder_version=&#8221;4.20.4&#8243; _module_preset=&#8221;default&#8221; background_image=&#8221;https:\/\/wittenstein.ee\/wp-content\/uploads\/2023\/02\/high-school_48.png&#8221; background_size=&#8221;initial&#8221; background_position=&#8221;top_left&#8221; background_repeat=&#8221;repeat-x&#8221; custom_margin=&#8221;|380px|10px|-30vw|false|false&#8221; custom_margin_tablet=&#8221;|300px||-15vw|false|false&#8221; custom_margin_phone=&#8221;|150px||-10vw|false|false&#8221; custom_margin_last_edited=&#8221;on|phone&#8221; global_colors_info=&#8221;{}&#8221;][\/et_pb_divider][\/et_pb_column][\/et_pb_row][et_pb_row column_structure=&#8221;1_2,1_2&#8243; admin_label=&#8221;\u00dcks teater&#8221; _builder_version=&#8221;4.20.4&#8243; _module_preset=&#8221;default&#8221; global_colors_info=&#8221;{}&#8221;][et_pb_column type=&#8221;1_2&#8243; _builder_version=&#8221;4.20.4&#8243; _module_preset=&#8221;default&#8221; global_colors_info=&#8221;{}&#8221;][et_pb_image src=&#8221;https:\/\/wittenstein.ee\/wp-content\/uploads\/2023\/08\/Uks-teater-kahes-linnas-scaled.jpg&#8221; title_text=&#8221;\u00dcks teater kahes linnas&#8221; _builder_version=&#8221;4.20.4&#8243; _module_preset=&#8221;default&#8221; width=&#8221;100%&#8221; max_width=&#8221;100%&#8221; min_height=&#8221;500px&#8221; max_height=&#8221;500px&#8221; global_colors_info=&#8221;{}&#8221;][\/et_pb_image][et_pb_divider _builder_version=&#8221;4.20.4&#8243; _module_preset=&#8221;default&#8221; background_image=&#8221;https:\/\/wittenstein.ee\/wp-content\/uploads\/2023\/02\/high-school_48.png&#8221; background_size=&#8221;initial&#8221; background_position=&#8221;top_left&#8221; background_repeat=&#8221;repeat-x&#8221; custom_margin=&#8221;|380px|10px|-30vw|false|false&#8221; custom_margin_tablet=&#8221;|300px||-15vw|false|false&#8221; custom_margin_phone=&#8221;|150px||-10vw|false|false&#8221; custom_margin_last_edited=&#8221;on|phone&#8221; global_colors_info=&#8221;{}&#8221;][\/et_pb_divider][\/et_pb_column][et_pb_column type=&#8221;1_2&#8243; _builder_version=&#8221;4.20.4&#8243; _module_preset=&#8221;default&#8221; global_colors_info=&#8221;{}&#8221;][et_pb_text admin_label=&#8221;Text&#8221; _builder_version=&#8221;4.20.4&#8243; _module_preset=&#8221;default&#8221; global_colors_info=&#8221;{}&#8221;]<\/p>\n<h4><strong>\u00dcks teater kahes linnas<\/strong><\/h4>\n<p>Herbert Last ja Monika-Aino J\u00f5esaar (koostajad)<br \/>Ajakeskus Wittenstein\/J\u00e4rvamaa muuseum 2006<br \/>ISBN 9949134625<br \/>Pehme k\u00f6ide, 168 lk<br \/><strong>Hind 5\u20ac<\/strong><\/p>\n<p>Kutselise teatri arengulugu Narvas ja Paides. Alates 1874. aastast tegutses Narvas \u00abIlmarise\u00bb<br \/>lauluselts. 1890. aastast karskusselts \u00abV\u00f5itleja\u00bb ja 1925\/1926. aastast nende \u00fchinemise tulemusena Narva \u00dchine Teater. 1928. aastal koondati teatrielu \u00abV\u00f5itlejasse\u00bb. 1946. aastast oli teater Paides nimetuse all Narva Teater Paides. Veebruaris 1949 nimetati teater \u00fcmber Paide Teatriks. Suleti 1951. aastal.<\/p>\n<p>[\/et_pb_text][\/et_pb_column][\/et_pb_row][et_pb_row column_structure=&#8221;1_2,1_2&#8243; admin_label=&#8221;Vaatamisv\u00e4\u00e4rsused&#8221; _builder_version=&#8221;4.20.4&#8243; _module_preset=&#8221;default&#8221; global_colors_info=&#8221;{}&#8221;][et_pb_column type=&#8221;1_2&#8243; _builder_version=&#8221;4.20.4&#8243; _module_preset=&#8221;default&#8221; global_colors_info=&#8221;{}&#8221;][et_pb_text admin_label=&#8221;Text&#8221; _builder_version=&#8221;4.20.4&#8243; _module_preset=&#8221;default&#8221; global_colors_info=&#8221;{}&#8221;]<\/p>\n<h4><strong>J\u00e4rvamaa vaatamisv\u00e4\u00e4rsusi<\/strong><\/h4>\n<p>Henn Sokk (koostaja)<br \/>J\u00e4rva Maavalitsus 2003<br \/>Pehme k\u00f6ide, 79 lk<br \/>Hind 10\u20ac<\/p>\n<p>Raamat on koostatud J\u00e4rvamaa vaatamisv\u00e4\u00e4rsusi tutvustava kartoteegi alusel, millest on olnud abi ka maakonnaplaneeringu teemaplaneeringu \u201dAsustust ja maakasutust suunavad keskkonnatingimused\u201d ning tr\u00fckise \u201dJ\u00e4rvamaa maastikud\u201d koostamisel.<br \/>Koondatud andmebaasi, samuti raamatu l\u00f5pus olevat kirjanduse loendit saavad edukalt kasutada \u00fcld- ja detailplaneeringute koostajad, valgalade majanduskavade koostajad, kaitsekorralduskavade koostajad, infrastruktuuride planeerijad, turismiga tegelejad, matkajad, kodu-uurijad jt. oma t\u00f6\u00f6de \u00fche allikmaterjalina.<\/p>\n<p>[\/et_pb_text][\/et_pb_column][et_pb_column type=&#8221;1_2&#8243; _builder_version=&#8221;4.20.4&#8243; _module_preset=&#8221;default&#8221; global_colors_info=&#8221;{}&#8221;][et_pb_image src=&#8221;https:\/\/wittenstein.ee\/wp-content\/uploads\/2023\/08\/Jarvamaa-vaatamisvaarsusi-scaled.jpg&#8221; title_text=&#8221;J\u00e4rvamaa vaatamisv\u00e4\u00e4rsusi&#8221; _builder_version=&#8221;4.20.4&#8243; _module_preset=&#8221;default&#8221; width=&#8221;100%&#8221; max_width=&#8221;100%&#8221; min_height=&#8221;500px&#8221; max_height=&#8221;500px&#8221; global_colors_info=&#8221;{}&#8221;][\/et_pb_image][et_pb_divider _builder_version=&#8221;4.20.4&#8243; _module_preset=&#8221;default&#8221; background_image=&#8221;https:\/\/wittenstein.ee\/wp-content\/uploads\/2023\/02\/high-school_48.png&#8221; background_size=&#8221;initial&#8221; background_position=&#8221;top_left&#8221; background_repeat=&#8221;repeat-x&#8221; custom_margin=&#8221;|380px|10px|-30vw|false|false&#8221; custom_margin_tablet=&#8221;|300px||-15vw|false|false&#8221; custom_margin_phone=&#8221;|150px||-10vw|false|false&#8221; custom_margin_last_edited=&#8221;on|phone&#8221; global_colors_info=&#8221;{}&#8221;][\/et_pb_divider][\/et_pb_column][\/et_pb_row][\/et_pb_section]<\/p>\n","protected":false},"excerpt":{"rendered":"<p>Books and publicationsIn the shop of the Wittenstein Activity Museum, you can buy publications produced under the leadership of the Ajakeskus Wittenstein\/J\u00e4rvamaa museum or with the cooperation of the museum. A wide selection of J\u00e4rvamaa literature is waiting to be explored. You can buy the books in the museum&#8217;s opening times. Phone nr 5568 3760. [&hellip;]<\/p>\n","protected":false},"author":2,"featured_media":0,"parent":8290,"menu_order":0,"comment_status":"closed","ping_status":"closed","template":"","meta":{"_et_pb_use_builder":"on","_et_pb_old_content":"","_et_gb_content_width":"","footnotes":""},"class_list":["post-8435","page","type-page","status-publish","hentry"],"yoast_head":"<!-- This site is optimized with the Yoast SEO plugin v27.2 - https:\/\/yoast.com\/product\/yoast-seo-wordpress\/ -->\n<title>Books and publications - Wittenstein<\/title>\n<meta name=\"description\" content=\"Find the information you need from these quick links.\" \/>\n<meta name=\"robots\" content=\"index, follow, max-snippet:-1, max-image-preview:large, max-video-preview:-1\" \/>\n<link rel=\"canonical\" href=\"https:\/\/wittenstein.ee\/en\/jarvamaamuuseum\/publications\/\" \/>\n<meta property=\"og:locale\" content=\"en_US\" \/>\n<meta property=\"og:type\" content=\"article\" \/>\n<meta property=\"og:title\" content=\"Books and publications - Wittenstein\" \/>\n<meta property=\"og:description\" content=\"Find the information you need from these quick links.\" \/>\n<meta property=\"og:url\" content=\"https:\/\/wittenstein.ee\/en\/jarvamaamuuseum\/publications\/\" \/>\n<meta property=\"og:site_name\" content=\"Wittenstein\" \/>\n<meta property=\"article:publisher\" content=\"https:\/\/www.facebook.com\/ajakeskus\" \/>\n<meta property=\"article:modified_time\" content=\"2026-02-11T11:14:59+00:00\" \/>\n<meta property=\"og:image\" content=\"https:\/\/wittenstein.ee\/wp-content\/uploads\/2023\/03\/tunnuspilt-yoast.png\" \/>\n\t<meta property=\"og:image:width\" content=\"1200\" \/>\n\t<meta property=\"og:image:height\" content=\"675\" \/>\n\t<meta property=\"og:image:type\" content=\"image\/png\" \/>\n<meta name=\"twitter:label1\" content=\"Est. reading time\" \/>\n\t<meta name=\"twitter:data1\" content=\"29 minutes\" \/>\n<script type=\"application\/ld+json\" class=\"yoast-schema-graph\">{\"@context\":\"https:\/\/schema.org\",\"@graph\":[{\"@type\":\"WebPage\",\"@id\":\"https:\/\/wittenstein.ee\/en\/jarvamaamuuseum\/publications\/\",\"url\":\"https:\/\/wittenstein.ee\/en\/jarvamaamuuseum\/publications\/\",\"name\":\"Books and publications - Wittenstein\",\"isPartOf\":{\"@id\":\"https:\/\/wittenstein.ee\/en\/#website\"},\"datePublished\":\"2023-03-28T14:04:07+00:00\",\"dateModified\":\"2026-02-11T11:14:59+00:00\",\"description\":\"Find the information you need from these quick links.\",\"breadcrumb\":{\"@id\":\"https:\/\/wittenstein.ee\/en\/jarvamaamuuseum\/publications\/#breadcrumb\"},\"inLanguage\":\"en-US\",\"potentialAction\":[{\"@type\":\"ReadAction\",\"target\":[\"https:\/\/wittenstein.ee\/en\/jarvamaamuuseum\/publications\/\"]}]},{\"@type\":\"BreadcrumbList\",\"@id\":\"https:\/\/wittenstein.ee\/en\/jarvamaamuuseum\/publications\/#breadcrumb\",\"itemListElement\":[{\"@type\":\"ListItem\",\"position\":1,\"name\":\"Home\",\"item\":\"https:\/\/wittenstein.ee\/en\/\"},{\"@type\":\"ListItem\",\"position\":2,\"name\":\"Jarvamaa museum\",\"item\":\"https:\/\/wittenstein.ee\/en\/jarvamaamuuseum\/\"},{\"@type\":\"ListItem\",\"position\":3,\"name\":\"Books and publications\"}]},{\"@type\":\"WebSite\",\"@id\":\"https:\/\/wittenstein.ee\/en\/#website\",\"url\":\"https:\/\/wittenstein.ee\/en\/\",\"name\":\"Ajakeskus Wittenstein\",\"description\":\"\",\"publisher\":{\"@id\":\"https:\/\/wittenstein.ee\/en\/#organization\"},\"potentialAction\":[{\"@type\":\"SearchAction\",\"target\":{\"@type\":\"EntryPoint\",\"urlTemplate\":\"https:\/\/wittenstein.ee\/en\/?s={search_term_string}\"},\"query-input\":{\"@type\":\"PropertyValueSpecification\",\"valueRequired\":true,\"valueName\":\"search_term_string\"}}],\"inLanguage\":\"en-US\"},{\"@type\":\"Organization\",\"@id\":\"https:\/\/wittenstein.ee\/en\/#organization\",\"name\":\"Ajakeskus Wittenstein\",\"url\":\"https:\/\/wittenstein.ee\/en\/\",\"logo\":{\"@type\":\"ImageObject\",\"inLanguage\":\"en-US\",\"@id\":\"https:\/\/wittenstein.ee\/en\/#\/schema\/logo\/image\/\",\"url\":\"https:\/\/wittenstein.eu\/wp-content\/uploads\/2018\/01\/ajakeskus_wittenstein_logo_vectorized-e1570191880461.png\",\"contentUrl\":\"https:\/\/wittenstein.eu\/wp-content\/uploads\/2018\/01\/ajakeskus_wittenstein_logo_vectorized-e1570191880461.png\",\"width\":1579,\"height\":1701,\"caption\":\"Ajakeskus Wittenstein\"},\"image\":{\"@id\":\"https:\/\/wittenstein.ee\/en\/#\/schema\/logo\/image\/\"},\"sameAs\":[\"https:\/\/www.facebook.com\/ajakeskus\"]}]}<\/script>\n<!-- \/ Yoast SEO plugin. -->","yoast_head_json":{"title":"Books and publications - Wittenstein","description":"Find the information you need from these quick links.","robots":{"index":"index","follow":"follow","max-snippet":"max-snippet:-1","max-image-preview":"max-image-preview:large","max-video-preview":"max-video-preview:-1"},"canonical":"https:\/\/wittenstein.ee\/en\/jarvamaamuuseum\/publications\/","og_locale":"en_US","og_type":"article","og_title":"Books and publications - Wittenstein","og_description":"Find the information you need from these quick links.","og_url":"https:\/\/wittenstein.ee\/en\/jarvamaamuuseum\/publications\/","og_site_name":"Wittenstein","article_publisher":"https:\/\/www.facebook.com\/ajakeskus","article_modified_time":"2026-02-11T11:14:59+00:00","og_image":[{"width":1200,"height":675,"url":"https:\/\/wittenstein.ee\/wp-content\/uploads\/2023\/03\/tunnuspilt-yoast.png","type":"image\/png"}],"twitter_misc":{"Est. reading time":"29 minutes"},"schema":{"@context":"https:\/\/schema.org","@graph":[{"@type":"WebPage","@id":"https:\/\/wittenstein.ee\/en\/jarvamaamuuseum\/publications\/","url":"https:\/\/wittenstein.ee\/en\/jarvamaamuuseum\/publications\/","name":"Books and publications - Wittenstein","isPartOf":{"@id":"https:\/\/wittenstein.ee\/en\/#website"},"datePublished":"2023-03-28T14:04:07+00:00","dateModified":"2026-02-11T11:14:59+00:00","description":"Find the information you need from these quick links.","breadcrumb":{"@id":"https:\/\/wittenstein.ee\/en\/jarvamaamuuseum\/publications\/#breadcrumb"},"inLanguage":"en-US","potentialAction":[{"@type":"ReadAction","target":["https:\/\/wittenstein.ee\/en\/jarvamaamuuseum\/publications\/"]}]},{"@type":"BreadcrumbList","@id":"https:\/\/wittenstein.ee\/en\/jarvamaamuuseum\/publications\/#breadcrumb","itemListElement":[{"@type":"ListItem","position":1,"name":"Home","item":"https:\/\/wittenstein.ee\/en\/"},{"@type":"ListItem","position":2,"name":"Jarvamaa museum","item":"https:\/\/wittenstein.ee\/en\/jarvamaamuuseum\/"},{"@type":"ListItem","position":3,"name":"Books and publications"}]},{"@type":"WebSite","@id":"https:\/\/wittenstein.ee\/en\/#website","url":"https:\/\/wittenstein.ee\/en\/","name":"Ajakeskus Wittenstein","description":"","publisher":{"@id":"https:\/\/wittenstein.ee\/en\/#organization"},"potentialAction":[{"@type":"SearchAction","target":{"@type":"EntryPoint","urlTemplate":"https:\/\/wittenstein.ee\/en\/?s={search_term_string}"},"query-input":{"@type":"PropertyValueSpecification","valueRequired":true,"valueName":"search_term_string"}}],"inLanguage":"en-US"},{"@type":"Organization","@id":"https:\/\/wittenstein.ee\/en\/#organization","name":"Ajakeskus Wittenstein","url":"https:\/\/wittenstein.ee\/en\/","logo":{"@type":"ImageObject","inLanguage":"en-US","@id":"https:\/\/wittenstein.ee\/en\/#\/schema\/logo\/image\/","url":"https:\/\/wittenstein.eu\/wp-content\/uploads\/2018\/01\/ajakeskus_wittenstein_logo_vectorized-e1570191880461.png","contentUrl":"https:\/\/wittenstein.eu\/wp-content\/uploads\/2018\/01\/ajakeskus_wittenstein_logo_vectorized-e1570191880461.png","width":1579,"height":1701,"caption":"Ajakeskus Wittenstein"},"image":{"@id":"https:\/\/wittenstein.ee\/en\/#\/schema\/logo\/image\/"},"sameAs":["https:\/\/www.facebook.com\/ajakeskus"]}]}},"_links":{"self":[{"href":"https:\/\/wittenstein.ee\/en\/wp-json\/wp\/v2\/pages\/8435","targetHints":{"allow":["GET"]}}],"collection":[{"href":"https:\/\/wittenstein.ee\/en\/wp-json\/wp\/v2\/pages"}],"about":[{"href":"https:\/\/wittenstein.ee\/en\/wp-json\/wp\/v2\/types\/page"}],"author":[{"embeddable":true,"href":"https:\/\/wittenstein.ee\/en\/wp-json\/wp\/v2\/users\/2"}],"replies":[{"embeddable":true,"href":"https:\/\/wittenstein.ee\/en\/wp-json\/wp\/v2\/comments?post=8435"}],"version-history":[{"count":62,"href":"https:\/\/wittenstein.ee\/en\/wp-json\/wp\/v2\/pages\/8435\/revisions"}],"predecessor-version":[{"id":17794,"href":"https:\/\/wittenstein.ee\/en\/wp-json\/wp\/v2\/pages\/8435\/revisions\/17794"}],"up":[{"embeddable":true,"href":"https:\/\/wittenstein.ee\/en\/wp-json\/wp\/v2\/pages\/8290"}],"wp:attachment":[{"href":"https:\/\/wittenstein.ee\/en\/wp-json\/wp\/v2\/media?parent=8435"}],"curies":[{"name":"wp","href":"https:\/\/api.w.org\/{rel}","templated":true}]}}